{"id":73,"date":"2025-02-17T15:08:35","date_gmt":"2025-02-17T14:08:35","guid":{"rendered":"https:\/\/ariane-mediterranee.fr\/?page_id=73"},"modified":"2026-09-03T13:53:47","modified_gmt":"2026-09-03T11:53:47","slug":"formations","status":"publish","type":"page","link":"https:\/\/ariane-mediterranee.fr\/index.php\/formations\/","title":{"rendered":"Formations"},"content":{"rendered":"\t\t<div data-elementor-type=\"wp-page\" data-elementor-id=\"73\" class=\"elementor elementor-73\" data-elementor-post-type=\"page\">\n\t\t\t\t<div class=\"elementor-element elementor-element-cd408cc e-flex e-con-boxed e-con e-parent\" data-id=\"cd408cc\" data-element_type=\"container\" data-settings=\"{&quot;background_background&quot;:&quot;classic&quot;}\">\n\t\t\t\t\t<div class=\"e-con-inner\">\n\t\t<div class=\"elementor-element elementor-element-325abaf e-con-full e-flex e-con e-child\" data-id=\"325abaf\" data-element_type=\"container\">\n\t\t\t\t<div class=\"elementor-element elementor-element-ca6e7dd elementor-widget elementor-widget-heading\" data-id=\"ca6e7dd\" data-element_type=\"widget\" data-widget_type=\"heading.default\">\n\t\t\t\t<div class=\"elementor-widget-container\">\n\t\t\t\t\t<h2 class=\"elementor-heading-title elementor-size-default\">Nos formations<\/h2>\t\t\t\t<\/div>\n\t\t\t\t<\/div>\n\t\t\t\t<div class=\"elementor-element elementor-element-47c033c elementor-widget-divider--view-line elementor-widget elementor-widget-divider\" data-id=\"47c033c\" data-element_type=\"widget\" data-widget_type=\"divider.default\">\n\t\t\t\t<div class=\"elementor-widget-container\">\n\t\t\t\t\t\t\t<div class=\"elementor-divider\">\n\t\t\t<span class=\"elementor-divider-separator\">\n\t\t\t\t\t\t<\/span>\n\t\t<\/div>\n\t\t\t\t\t\t<\/div>\n\t\t\t\t<\/div>\n\t\t\t\t<div class=\"elementor-element elementor-element-960a135 elementor-widget elementor-widget-text-editor\" data-id=\"960a135\" data-element_type=\"widget\" data-widget_type=\"text-editor.default\">\n\t\t\t\t<div class=\"elementor-widget-container\">\n\t\t\t\t\t\t\t\t\t<p><strong>ARIANE M\u00e9diterran\u00e9e<\/strong>\u00a0est un organisme de formation qui intervient tout particuli\u00e8rement dans le domaine du social et m\u00e9dico-social. Filiale du groupe UMANE, nous sommes tr\u00e8s sollicit\u00e9s pour mettre en \u0153uvre des programmes adapt\u00e9s au secteur du handicap, \u00e0 la fois pour les professionnels du secteur comme pour les personnes en situation de handicap elle-m\u00eame.\u00a0<\/p><p>Pour consulter nos programmes de formation\u00a0:<\/p>\t\t\t\t\t\t\t\t<\/div>\n\t\t\t\t<\/div>\n\t\t\t\t<div class=\"elementor-element elementor-element-102619e elementor-widget elementor-widget-button\" data-id=\"102619e\" data-element_type=\"widget\" data-widget_type=\"button.default\">\n\t\t\t\t<div class=\"elementor-widget-container\">\n\t\t\t\t\t\t\t\t\t<div class=\"elementor-button-wrapper\">\n\t\t\t\t\t<a class=\"elementor-button elementor-button-link elementor-size-sm\" href=\"https:\/\/ariane-mediterranee.catalogueformpro.com\/\" target=\"_blank\">\n\t\t\t\t\t\t<span class=\"elementor-button-content-wrapper\">\n\t\t\t\t\t\t<span class=\"elementor-button-icon\">\n\t\t\t\t<svg xmlns=\"http:\/\/www.w3.org\/2000\/svg\" width=\"800px\" height=\"800px\" viewBox=\"0 0 24 24\" fill=\"none\" stroke=\"#ffffff\" stroke-width=\"2\" stroke-linecap=\"round\" stroke-linejoin=\"round\" class=\"feather feather-arrow-up-right\"><g id=\"SVGRepo_bgCarrier\" stroke-width=\"0\"><\/g><g id=\"SVGRepo_tracerCarrier\" stroke-linecap=\"round\" stroke-linejoin=\"round\"><\/g><g id=\"SVGRepo_iconCarrier\"><line x1=\"7\" y1=\"17\" x2=\"17\" y2=\"7\"><\/line><polyline points=\"7 7 17 7 17 17\"><\/polyline><\/g><\/svg>\t\t\t<\/span>\n\t\t\t\t\t\t\t\t\t<span class=\"elementor-button-text\">Cliquez ici<\/span>\n\t\t\t\t\t<\/span>\n\t\t\t\t\t<\/a>\n\t\t\t\t<\/div>\n\t\t\t\t\t\t\t\t<\/div>\n\t\t\t\t<\/div>\n\t\t\t\t<\/div>\n\t\t<div class=\"elementor-element elementor-element-1e4ee3c e-con-full e-flex e-con e-child\" data-id=\"1e4ee3c\" data-element_type=\"container\">\n\t\t\t\t<div class=\"elementor-element elementor-element-8bdf5bd elementor-widget elementor-widget-image\" data-id=\"8bdf5bd\" data-element_type=\"widget\" data-widget_type=\"image.default\">\n\t\t\t\t<div class=\"elementor-widget-container\">\n\t\t\t\t\t\t\t\t\t\t\t\t\t\t\t<img fetchpriority=\"high\" decoding=\"async\" width=\"751\" height=\"501\" src=\"https:\/\/ariane-mediterranee.fr\/wp-content\/uploads\/2025\/02\/Mesa-de-trabajo-1.png\" class=\"attachment-large size-large wp-image-344\" alt=\"\" srcset=\"https:\/\/ariane-mediterranee.fr\/wp-content\/uploads\/2025\/02\/Mesa-de-trabajo-1.png 751w, https:\/\/ariane-mediterranee.fr\/wp-content\/uploads\/2025\/02\/Mesa-de-trabajo-1-300x200.png 300w\" sizes=\"(max-width: 751px) 100vw, 751px\" \/>\t\t\t\t\t\t\t\t\t\t\t\t\t\t\t<\/div>\n\t\t\t\t<\/div>\n\t\t\t\t<\/div>\n\t\t\t\t\t<\/div>\n\t\t\t\t<\/div>\n\t\t<div class=\"elementor-element elementor-element-2cd0e15 e-flex e-con-boxed e-con e-parent\" data-id=\"2cd0e15\" data-element_type=\"container\" data-settings=\"{&quot;background_background&quot;:&quot;classic&quot;}\">\n\t\t\t\t\t<div class=\"e-con-inner\">\n\t\t\t\t<div class=\"elementor-element elementor-element-c9cc922 elementor-widget elementor-widget-heading\" data-id=\"c9cc922\" data-element_type=\"widget\" data-widget_type=\"heading.default\">\n\t\t\t\t<div class=\"elementor-widget-container\">\n\t\t\t\t\t<h3 class=\"elementor-heading-title elementor-size-default\">Nos domaines de formation<\/h3>\t\t\t\t<\/div>\n\t\t\t\t<\/div>\n\t\t\t\t\t<\/div>\n\t\t\t\t<\/div>\n\t\t<div class=\"elementor-element elementor-element-e85b658 e-flex e-con-boxed e-con e-parent\" data-id=\"e85b658\" data-element_type=\"container\" data-settings=\"{&quot;background_background&quot;:&quot;classic&quot;}\">\n\t\t\t\t\t<div class=\"e-con-inner\">\n\t\t<div class=\"elementor-element elementor-element-e385589 e-con-full e-flex elementor-invisible e-con e-child\" data-id=\"e385589\" data-element_type=\"container\" data-settings=\"{&quot;background_background&quot;:&quot;classic&quot;,&quot;animation&quot;:&quot;fadeInUp&quot;,&quot;animation_delay&quot;:200}\">\n\t\t\t\t<div class=\"elementor-element elementor-element-8e0174d elementor-widget elementor-widget-heading\" data-id=\"8e0174d\" data-element_type=\"widget\" data-widget_type=\"heading.default\">\n\t\t\t\t<div class=\"elementor-widget-container\">\n\t\t\t\t\t<h5 class=\"elementor-heading-title elementor-size-default\">Handicap et m\u00e9dico-social<\/h5>\t\t\t\t<\/div>\n\t\t\t\t<\/div>\n\t\t\t\t<div class=\"elementor-element elementor-element-128bae0 elementor-widget elementor-widget-text-editor\" data-id=\"128bae0\" data-element_type=\"widget\" data-widget_type=\"text-editor.default\">\n\t\t\t\t<div class=\"elementor-widget-container\">\n\t\t\t\t\t\t\t\t\t<p class=\"PDq2pG_selectionAnchorContainer\" data-start=\"1990\" data-end=\"2106\">Formations destin\u00e9es aux professionnels du secteur m\u00e9dico-social, aux \u00e9tablissements sp\u00e9cialis\u00e9s et aux entreprises.<\/p>\t\t\t\t\t\t\t\t<\/div>\n\t\t\t\t<\/div>\n\t\t\t\t<\/div>\n\t\t<div class=\"elementor-element elementor-element-39b6399 e-con-full e-flex elementor-invisible e-con e-child\" data-id=\"39b6399\" data-element_type=\"container\" data-settings=\"{&quot;background_background&quot;:&quot;classic&quot;,&quot;animation&quot;:&quot;fadeInUp&quot;,&quot;animation_delay&quot;:400}\">\n\t\t\t\t<div class=\"elementor-element elementor-element-4ca632e elementor-widget elementor-widget-heading\" data-id=\"4ca632e\" data-element_type=\"widget\" data-widget_type=\"heading.default\">\n\t\t\t\t<div class=\"elementor-widget-container\">\n\t\t\t\t\t<h5 class=\"elementor-heading-title elementor-size-default\">Inclusion num\u00e9rique<\/h5>\t\t\t\t<\/div>\n\t\t\t\t<\/div>\n\t\t\t\t<div class=\"elementor-element elementor-element-038e1bc elementor-widget elementor-widget-text-editor\" data-id=\"038e1bc\" data-element_type=\"widget\" data-widget_type=\"text-editor.default\">\n\t\t\t\t<div class=\"elementor-widget-container\">\n\t\t\t\t\t\t\t\t\t<p class=\"PDq2pG_selectionAnchorContainer\" data-start=\"2141\" data-end=\"2216\">Accompagnement aux usages num\u00e9riques et lutte contre la fracture num\u00e9rique.<\/p>\t\t\t\t\t\t\t\t<\/div>\n\t\t\t\t<\/div>\n\t\t\t\t<\/div>\n\t\t<div class=\"elementor-element elementor-element-4c0eba7 e-con-full e-flex elementor-invisible e-con e-child\" data-id=\"4c0eba7\" data-element_type=\"container\" data-settings=\"{&quot;background_background&quot;:&quot;classic&quot;,&quot;animation&quot;:&quot;fadeInUp&quot;,&quot;animation_delay&quot;:600}\">\n\t\t\t\t<div class=\"elementor-element elementor-element-43f7e4c elementor-widget elementor-widget-heading\" data-id=\"43f7e4c\" data-element_type=\"widget\" data-widget_type=\"heading.default\">\n\t\t\t\t<div class=\"elementor-widget-container\">\n\t\t\t\t\t<h5 class=\"elementor-heading-title elementor-size-default\">Fran\u00e7ais et savoirs fondamentaux<\/h5>\t\t\t\t<\/div>\n\t\t\t\t<\/div>\n\t\t\t\t<div class=\"elementor-element elementor-element-ebadbf8 elementor-widget elementor-widget-text-editor\" data-id=\"ebadbf8\" data-element_type=\"widget\" data-widget_type=\"text-editor.default\">\n\t\t\t\t<div class=\"elementor-widget-container\">\n\t\t\t\t\t\t\t\t\t<p class=\"PDq2pG_selectionAnchorContainer\" data-start=\"2163\" data-end=\"2289\">Alphab\u00e9tisation, lutte contre l&rsquo;illettrisme, Fran\u00e7ais Langue \u00c9trang\u00e8re (FLE) et remise \u00e0 niveau.<\/p>\t\t\t\t\t\t\t\t<\/div>\n\t\t\t\t<\/div>\n\t\t\t\t<\/div>\n\t\t<div class=\"elementor-element elementor-element-862d680 e-con-full e-flex elementor-invisible e-con e-child\" data-id=\"862d680\" data-element_type=\"container\" data-settings=\"{&quot;background_background&quot;:&quot;classic&quot;,&quot;animation&quot;:&quot;fadeInUp&quot;,&quot;animation_delay&quot;:800}\">\n\t\t\t\t<div class=\"elementor-element elementor-element-5545a6b elementor-widget elementor-widget-heading\" data-id=\"5545a6b\" data-element_type=\"widget\" data-widget_type=\"heading.default\">\n\t\t\t\t<div class=\"elementor-widget-container\">\n\t\t\t\t\t<h5 class=\"elementor-heading-title elementor-size-default\">Orientation professionnelle<\/h5>\t\t\t\t<\/div>\n\t\t\t\t<\/div>\n\t\t\t\t<div class=\"elementor-element elementor-element-ad49c8c elementor-widget elementor-widget-text-editor\" data-id=\"ad49c8c\" data-element_type=\"widget\" data-widget_type=\"text-editor.default\">\n\t\t\t\t<div class=\"elementor-widget-container\">\n\t\t\t\t\t\t\t\t\t<p class=\"PDq2pG_selectionAnchorContainer\" data-start=\"2405\" data-end=\"2472\">Bilans de comp\u00e9tences et accompagnement des projets professionnels.<\/p>\t\t\t\t\t\t\t\t<\/div>\n\t\t\t\t<\/div>\n\t\t\t\t<\/div>\n\t\t<div class=\"elementor-element elementor-element-4276e16 e-con-full e-flex elementor-invisible e-con e-child\" data-id=\"4276e16\" data-element_type=\"container\" data-settings=\"{&quot;background_background&quot;:&quot;classic&quot;,&quot;animation&quot;:&quot;fadeInUp&quot;,&quot;animation_delay&quot;:1000}\">\n\t\t\t\t<div class=\"elementor-element elementor-element-fb78080 elementor-widget elementor-widget-heading\" data-id=\"fb78080\" data-element_type=\"widget\" data-widget_type=\"heading.default\">\n\t\t\t\t<div class=\"elementor-widget-container\">\n\t\t\t\t\t<h5 class=\"elementor-heading-title elementor-size-default\">R\u00e9f\u00e9rents handicap<\/h5>\t\t\t\t<\/div>\n\t\t\t\t<\/div>\n\t\t\t\t<div class=\"elementor-element elementor-element-f192543 elementor-widget elementor-widget-text-editor\" data-id=\"f192543\" data-element_type=\"widget\" data-widget_type=\"text-editor.default\">\n\t\t\t\t<div class=\"elementor-widget-container\">\n\t\t\t\t\t\t\t\t\t<p class=\"PDq2pG_selectionAnchorContainer\" data-start=\"2506\" data-end=\"2589\">Professionnalisation des r\u00e9f\u00e9rents handicap des organismes de formation et des CFA.<\/p>\t\t\t\t\t\t\t\t<\/div>\n\t\t\t\t<\/div>\n\t\t\t\t<\/div>\n\t\t<div class=\"elementor-element elementor-element-50a5cf6 e-con-full e-flex elementor-invisible e-con e-child\" data-id=\"50a5cf6\" data-element_type=\"container\" data-settings=\"{&quot;background_background&quot;:&quot;classic&quot;,&quot;animation&quot;:&quot;fadeInUp&quot;,&quot;animation_delay&quot;:1200}\">\n\t\t\t\t<div class=\"elementor-element elementor-element-7281edc elementor-widget elementor-widget-heading\" data-id=\"7281edc\" data-element_type=\"widget\" data-widget_type=\"heading.default\">\n\t\t\t\t<div class=\"elementor-widget-container\">\n\t\t\t\t\t<h5 class=\"elementor-heading-title elementor-size-default\">Travailleurs d'ESAT<\/h5>\t\t\t\t<\/div>\n\t\t\t\t<\/div>\n\t\t\t\t<div class=\"elementor-element elementor-element-d38548e elementor-widget elementor-widget-text-editor\" data-id=\"d38548e\" data-element_type=\"widget\" data-widget_type=\"text-editor.default\">\n\t\t\t\t<div class=\"elementor-widget-container\">\n\t\t\t\t\t\t\t\t\t<p class=\"PDq2pG_selectionAnchorContainer\" data-start=\"2624\" data-end=\"2687\">D\u00e9veloppement des comp\u00e9tences professionnelles et personnelles.<\/p>\t\t\t\t\t\t\t\t<\/div>\n\t\t\t\t<\/div>\n\t\t\t\t<\/div>\n\t\t\t\t\t<\/div>\n\t\t\t\t<\/div>\n\t\t<div class=\"elementor-element elementor-element-b0b3c1c e-flex e-con-boxed e-con e-parent\" data-id=\"b0b3c1c\" data-element_type=\"container\" data-settings=\"{&quot;background_background&quot;:&quot;classic&quot;}\">\n\t\t\t\t\t<div class=\"e-con-inner\">\n\t\t\t\t<div class=\"elementor-element elementor-element-b689d03 elementor-widget elementor-widget-text-editor\" data-id=\"b689d03\" data-element_type=\"widget\" data-widget_type=\"text-editor.default\">\n\t\t\t\t<div class=\"elementor-widget-container\">\n\t\t\t\t\t\t\t\t\t<p>Nous sommes tout particuli\u00e8rement engag\u00e9s pour travailler \u00e0 l\u2019accessibilit\u00e9 p\u00e9dagogique de nos formations.<\/p><p>Notre\u00a0<a title=\"\u00e9quipe \" href=\"https:\/\/ariane-mediterranee.fr\/wp-content\/uploads\/2026\/01\/ORGANIGRAMME-ARIANE-MED-MAJ-janvier-2026_page-0001.jpg\" target=\"_blank\" rel=\"noopener\">\u00e9quipe<\/a>\u00a0pluridisciplinaire (psychologues, conseillers(\u00e8res) en insertion professionnelle, m\u00e9decin, ergoth\u00e9rapeute.) est un atout majeur pour construire des\u00a0programmes\u00a0adapt\u00e9s et individualis\u00e9s aux besoins de nos clients.\u00a0<br \/>Nous travaillons aussi bien avec nos formateurs internes que des formateurs externes recrut\u00e9s dans ce souci de qualit\u00e9 et d\u2019expertise.\u00a0<\/p><p>Le secteur du handicap et du m\u00e9dico-social \u00e9volue en permanence. L\u2019inclusion des personnes en situation de handicap est au c\u0153ur du projet de notre soci\u00e9t\u00e9. Les postures professionnelles changent, par cons\u00e9quent nous devons accompagner les intervenants de ce secteur \u00e0 compl\u00e9ter leurs comp\u00e9tences.\u00a0<\/p><p>Apr\u00e8s avoir pendant des ann\u00e9es travaill\u00e9 sur les modes de compensation afin de r\u00e9duire les \u00e9carts entre les besoins de la personne en situation de handicap et son environnement en affectant des moyens, aujourd\u2019hui, on travaille directement sur l\u2019adaptation de cet environnement pour le rendre plus accessible !<\/p><p><strong>ARIANE M\u00e9diterran\u00e9e<\/strong>\u00a0dans les programmes de formation qu\u2019elle d\u00e9veloppe s\u2019inscrit dans cette d\u00e9marche.<\/p>\t\t\t\t\t\t\t\t<\/div>\n\t\t\t\t<\/div>\n\t\t\t\t\t<\/div>\n\t\t\t\t<\/div>\n\t\t<div class=\"elementor-element elementor-element-61f400e e-con-full e-flex e-con e-parent\" data-id=\"61f400e\" data-element_type=\"container\" data-settings=\"{&quot;background_background&quot;:&quot;classic&quot;}\">\n\t\t<div class=\"elementor-element elementor-element-5d25efd e-con-full e-flex e-con e-child\" data-id=\"5d25efd\" data-element_type=\"container\">\n\t\t\t\t<div class=\"elementor-element elementor-element-e9102d3 elementor-widget elementor-widget-image\" data-id=\"e9102d3\" data-element_type=\"widget\" data-widget_type=\"image.default\">\n\t\t\t\t<div class=\"elementor-widget-container\">\n\t\t\t\t\t\t\t\t\t\t\t\t\t\t\t<img decoding=\"async\" width=\"457\" height=\"422\" src=\"https:\/\/ariane-mediterranee.fr\/wp-content\/uploads\/2025\/02\/Groupe-1.png\" class=\"attachment-large size-large wp-image-423\" alt=\"\" srcset=\"https:\/\/ariane-mediterranee.fr\/wp-content\/uploads\/2025\/02\/Groupe-1.png 457w, https:\/\/ariane-mediterranee.fr\/wp-content\/uploads\/2025\/02\/Groupe-1-300x277.png 300w\" sizes=\"(max-width: 457px) 100vw, 457px\" \/>\t\t\t\t\t\t\t\t\t\t\t\t\t\t\t<\/div>\n\t\t\t\t<\/div>\n\t\t\t\t<\/div>\n\t\t<div class=\"elementor-element elementor-element-fba2a58 e-con-full e-flex e-con e-child\" data-id=\"fba2a58\" data-element_type=\"container\">\n\t\t\t\t<div class=\"elementor-element elementor-element-8be46a7 e-transform e-transform elementor-widget elementor-widget-image\" data-id=\"8be46a7\" data-element_type=\"widget\" data-settings=\"{&quot;_transform_flipX_effect&quot;:&quot;transform&quot;,&quot;_transform_rotateZ_effect&quot;:{&quot;unit&quot;:&quot;px&quot;,&quot;size&quot;:&quot;&quot;,&quot;sizes&quot;:[]},&quot;_transform_rotateZ_effect_tablet&quot;:{&quot;unit&quot;:&quot;deg&quot;,&quot;size&quot;:&quot;&quot;,&quot;sizes&quot;:[]},&quot;_transform_rotateZ_effect_mobile&quot;:{&quot;unit&quot;:&quot;deg&quot;,&quot;size&quot;:&quot;&quot;,&quot;sizes&quot;:[]}}\" data-widget_type=\"image.default\">\n\t\t\t\t<div class=\"elementor-widget-container\">\n\t\t\t\t\t\t\t\t\t\t\t\t\t\t\t<img decoding=\"async\" width=\"109\" height=\"145\" src=\"https:\/\/ariane-mediterranee.fr\/wp-content\/uploads\/2025\/02\/fleche-1-1-e1739970295227.png\" class=\"attachment-large size-large wp-image-188\" alt=\"\" \/>\t\t\t\t\t\t\t\t\t\t\t\t\t\t\t<\/div>\n\t\t\t\t<\/div>\n\t\t\t\t<\/div>\n\t\t\t\t<\/div>\n\t\t<div class=\"elementor-element elementor-element-c72bdf5 e-flex e-con-boxed e-con e-parent\" data-id=\"c72bdf5\" data-element_type=\"container\" data-settings=\"{&quot;background_background&quot;:&quot;classic&quot;,&quot;shape_divider_bottom&quot;:&quot;curve&quot;}\">\n\t\t\t\t\t<div class=\"e-con-inner\">\n\t\t\t\t<div class=\"elementor-shape elementor-shape-bottom\" data-negative=\"false\">\n\t\t\t<svg xmlns=\"http:\/\/www.w3.org\/2000\/svg\" viewBox=\"0 0 1000 100\" preserveAspectRatio=\"none\">\n    <path class=\"elementor-shape-fill\" d=\"M1000,4.3V0H0v4.3C0.9,23.1,126.7,99.2,500,100S1000,22.7,1000,4.3z\"\/>\n<\/svg>\t\t<\/div>\n\t\t<div class=\"elementor-element elementor-element-c47ec6c e-con-full animated-fast e-flex elementor-invisible e-con e-child\" data-id=\"c47ec6c\" data-element_type=\"container\" data-settings=\"{&quot;background_background&quot;:&quot;classic&quot;,&quot;animation&quot;:&quot;fadeInUp&quot;,&quot;animation_delay&quot;:200}\">\n\t\t\t\t<div class=\"elementor-element elementor-element-aa12b24 elementor-widget elementor-widget-image\" data-id=\"aa12b24\" data-element_type=\"widget\" data-widget_type=\"image.default\">\n\t\t\t\t<div class=\"elementor-widget-container\">\n\t\t\t\t\t\t\t\t\t\t\t\t\t\t\t<img loading=\"lazy\" decoding=\"async\" width=\"209\" height=\"210\" src=\"https:\/\/ariane-mediterranee.fr\/wp-content\/uploads\/2025\/02\/Certif-Pro.png\" class=\"attachment-medium size-medium wp-image-424\" alt=\"\" srcset=\"https:\/\/ariane-mediterranee.fr\/wp-content\/uploads\/2025\/02\/Certif-Pro.png 209w, https:\/\/ariane-mediterranee.fr\/wp-content\/uploads\/2025\/02\/Certif-Pro-150x150.png 150w\" sizes=\"(max-width: 209px) 100vw, 209px\" \/>\t\t\t\t\t\t\t\t\t\t\t\t\t\t\t<\/div>\n\t\t\t\t<\/div>\n\t\t\t\t<div class=\"elementor-element elementor-element-6e1aa3f elementor-widget elementor-widget-text-editor\" data-id=\"6e1aa3f\" data-element_type=\"widget\" data-widget_type=\"text-editor.default\">\n\t\t\t\t<div class=\"elementor-widget-container\">\n\t\t\t\t\t\t\t\t\t<p><strong>ARIANE M\u00e9diterran\u00e9e<\/strong>&nbsp;a obtenu en 2020 par Certif Pro son attestation d\u2019habilitation \u00e0 Cl\u00e9A Socle.<\/p>\n<p><strong>Cl\u00e9A Socle et Cl\u00e9A<\/strong>&nbsp;num\u00e9rique \u00e9tant des certifications uniques, interprofessionnelles et reconnues au niveau national, elles doivent garantir l\u2019acquisition d\u2019un socle de connaissances et de comp\u00e9tences commun \u00e0 tous, avec un niveau d\u2019exigence homog\u00e8ne sur tout le territoire et dans tous les secteurs d\u2019activit\u00e9.<\/p>\t\t\t\t\t\t\t\t<\/div>\n\t\t\t\t<\/div>\n\t\t\t\t<\/div>\n\t\t<div class=\"elementor-element elementor-element-e42a7e2 e-con-full animated-fast e-flex elementor-invisible e-con e-child\" data-id=\"e42a7e2\" data-element_type=\"container\" data-settings=\"{&quot;background_background&quot;:&quot;classic&quot;,&quot;animation&quot;:&quot;fadeInUp&quot;,&quot;animation_delay&quot;:400}\">\n\t\t\t\t<div class=\"elementor-element elementor-element-bb170ca elementor-widget elementor-widget-image\" data-id=\"bb170ca\" data-element_type=\"widget\" data-widget_type=\"image.default\">\n\t\t\t\t<div class=\"elementor-widget-container\">\n\t\t\t\t\t\t\t\t\t\t\t\t\t\t\t<img loading=\"lazy\" decoding=\"async\" width=\"800\" height=\"309\" src=\"https:\/\/ariane-mediterranee.fr\/wp-content\/uploads\/2025\/02\/logo_CarifOref-1024x396.png\" class=\"attachment-large size-large wp-image-425\" alt=\"\" srcset=\"https:\/\/ariane-mediterranee.fr\/wp-content\/uploads\/2025\/02\/logo_CarifOref-1024x396.png 1024w, https:\/\/ariane-mediterranee.fr\/wp-content\/uploads\/2025\/02\/logo_CarifOref-300x116.png 300w, https:\/\/ariane-mediterranee.fr\/wp-content\/uploads\/2025\/02\/logo_CarifOref-768x297.png 768w, https:\/\/ariane-mediterranee.fr\/wp-content\/uploads\/2025\/02\/logo_CarifOref-1536x594.png 1536w, https:\/\/ariane-mediterranee.fr\/wp-content\/uploads\/2025\/02\/logo_CarifOref-2048x793.png 2048w\" sizes=\"(max-width: 800px) 100vw, 800px\" \/>\t\t\t\t\t\t\t\t\t\t\t\t\t\t\t<\/div>\n\t\t\t\t<\/div>\n\t\t\t\t<div class=\"elementor-element elementor-element-094d66a elementor-widget elementor-widget-text-editor\" data-id=\"094d66a\" data-element_type=\"widget\" data-widget_type=\"text-editor.default\">\n\t\t\t\t<div class=\"elementor-widget-container\">\n\t\t\t\t\t\t\t\t\t<p><strong>ARIANE M\u00e9diterran\u00e9e<\/strong>\u00a0r\u00e9alise\u00a0depuis novembre 2020,\u00a0 pour le CARIF OREF, les formations de professionnalisation des r\u00e9f\u00e9rents handicap pour toute la r\u00e9gion Sud.<br \/>Ces formations se d\u00e9roulent entre une journ\u00e9e et trois jours et sont \u00e0 destination des r\u00e9f\u00e9rents handicap des organismes de formation, CFA et Instituts.<\/p>\t\t\t\t\t\t\t\t<\/div>\n\t\t\t\t<\/div>\n\t\t\t\t<\/div>\n\t\t\t\t\t<\/div>\n\t\t\t\t<\/div>\n\t\t<div class=\"elementor-element elementor-element-6ba97fc e-flex e-con-boxed e-con e-parent\" data-id=\"6ba97fc\" data-element_type=\"container\">\n\t\t\t\t\t<div class=\"e-con-inner\">\n\t\t<div class=\"elementor-element elementor-element-5d9e6d8 e-con-full e-flex e-con e-child\" data-id=\"5d9e6d8\" data-element_type=\"container\">\n\t\t\t\t<div class=\"elementor-element elementor-element-05728a5 elementor-widget elementor-widget-image\" data-id=\"05728a5\" data-element_type=\"widget\" data-widget_type=\"image.default\">\n\t\t\t\t<div class=\"elementor-widget-container\">\n\t\t\t\t\t\t\t\t\t\t\t\t\t\t\t<img loading=\"lazy\" decoding=\"async\" width=\"250\" height=\"85\" src=\"https:\/\/ariane-mediterranee.fr\/wp-content\/uploads\/2025\/02\/Logo-qualit-Ets.png\" class=\"attachment-medium size-medium wp-image-426\" alt=\"\" \/>\t\t\t\t\t\t\t\t\t\t\t\t\t\t\t<\/div>\n\t\t\t\t<\/div>\n\t\t\t\t<div class=\"elementor-element elementor-element-f950151 elementor-widget elementor-widget-text-editor\" data-id=\"f950151\" data-element_type=\"widget\" data-widget_type=\"text-editor.default\">\n\t\t\t\t<div class=\"elementor-widget-container\">\n\t\t\t\t\t\t\t\t\t<p>En juillet 2021, pour compl\u00e9ter nos interventions dans le domaine de la formation,\u00a0<strong>ARIANE M\u00e9diterran\u00e9e<\/strong> s\u2019est dot\u00e9e d\u2019une filiale : \u00ab Qualit\u00e9val Entreprise \u00bb qui accompagne les salari\u00e9s du m\u00e9dico social.\u00a0<\/p>\t\t\t\t\t\t\t\t<\/div>\n\t\t\t\t<\/div>\n\t\t\t\t<div class=\"elementor-element elementor-element-fc8aa9d elementor-align-center elementor-widget elementor-widget-button\" data-id=\"fc8aa9d\" data-element_type=\"widget\" data-widget_type=\"button.default\">\n\t\t\t\t<div class=\"elementor-widget-container\">\n\t\t\t\t\t\t\t\t\t<div class=\"elementor-button-wrapper\">\n\t\t\t\t\t<a class=\"elementor-button elementor-button-link elementor-size-sm\" href=\"https:\/\/qualiteval-entreprise.catalogueformpro.com\/\" target=\"_blank\">\n\t\t\t\t\t\t<span class=\"elementor-button-content-wrapper\">\n\t\t\t\t\t\t<span class=\"elementor-button-icon\">\n\t\t\t\t<svg xmlns=\"http:\/\/www.w3.org\/2000\/svg\" width=\"800px\" height=\"800px\" viewBox=\"0 0 24 24\" fill=\"none\" stroke=\"#ffffff\" stroke-width=\"2\" stroke-linecap=\"round\" stroke-linejoin=\"round\" class=\"feather feather-arrow-up-right\"><g id=\"SVGRepo_bgCarrier\" stroke-width=\"0\"><\/g><g id=\"SVGRepo_tracerCarrier\" stroke-linecap=\"round\" stroke-linejoin=\"round\"><\/g><g id=\"SVGRepo_iconCarrier\"><line x1=\"7\" y1=\"17\" x2=\"17\" y2=\"7\"><\/line><polyline points=\"7 7 17 7 17 17\"><\/polyline><\/g><\/svg>\t\t\t<\/span>\n\t\t\t\t\t\t\t\t\t<span class=\"elementor-button-text\">D\u00e9couvrir le catalogue de formation de Qualit\u00e9Val<\/span>\n\t\t\t\t\t<\/span>\n\t\t\t\t\t<\/a>\n\t\t\t\t<\/div>\n\t\t\t\t\t\t\t\t<\/div>\n\t\t\t\t<\/div>\n\t\t\t\t<div class=\"elementor-element elementor-element-78b1a97 elementor-widget elementor-widget-heading\" data-id=\"78b1a97\" data-element_type=\"widget\" data-widget_type=\"heading.default\">\n\t\t\t\t<div class=\"elementor-widget-container\">\n\t\t\t\t\t<p class=\"elementor-heading-title elementor-size-default\"><a href=\"https:\/\/ariane-mediterranee.fr\/wp-content\/uploads\/2026\/03\/Conditions-Generales-de-Vente-Ariane-mediterranee.pdf\" target=\"_blank\">Consultez nos conditions g\u00e9n\u00e9rales de ventes en cliquant ici<\/a><\/p>\t\t\t\t<\/div>\n\t\t\t\t<\/div>\n\t\t\t\t<\/div>\n\t\t<div class=\"elementor-element elementor-element-78a0b29 e-con-full animated-fast e-flex elementor-invisible e-con e-child\" data-id=\"78a0b29\" data-element_type=\"container\" data-settings=\"{&quot;background_background&quot;:&quot;classic&quot;,&quot;animation&quot;:&quot;fadeInUp&quot;,&quot;animation_delay&quot;:200}\">\n\t\t\t\t<div class=\"elementor-element elementor-element-488adfd elementor-align-center elementor-widget elementor-widget-button\" data-id=\"488adfd\" data-element_type=\"widget\" data-widget_type=\"button.default\">\n\t\t\t\t<div class=\"elementor-widget-container\">\n\t\t\t\t\t\t\t\t\t<div class=\"elementor-button-wrapper\">\n\t\t\t\t\t<a class=\"elementor-button elementor-button-link elementor-size-sm\" href=\"https:\/\/www.qualiteval-entreprise.fr\/\" target=\"_blank\">\n\t\t\t\t\t\t<span class=\"elementor-button-content-wrapper\">\n\t\t\t\t\t\t<span class=\"elementor-button-icon\">\n\t\t\t\t<svg xmlns=\"http:\/\/www.w3.org\/2000\/svg\" width=\"800px\" height=\"800px\" viewBox=\"0 0 24 24\" fill=\"none\" stroke=\"#ffffff\" stroke-width=\"2\" stroke-linecap=\"round\" stroke-linejoin=\"round\" class=\"feather feather-arrow-up-right\"><g id=\"SVGRepo_bgCarrier\" stroke-width=\"0\"><\/g><g id=\"SVGRepo_tracerCarrier\" stroke-linecap=\"round\" stroke-linejoin=\"round\"><\/g><g id=\"SVGRepo_iconCarrier\"><line x1=\"7\" y1=\"17\" x2=\"17\" y2=\"7\"><\/line><polyline points=\"7 7 17 7 17 17\"><\/polyline><\/g><\/svg>\t\t\t<\/span>\n\t\t\t\t\t\t\t\t\t<span class=\"elementor-button-text\">Visiter le site<\/span>\n\t\t\t\t\t<\/span>\n\t\t\t\t\t<\/a>\n\t\t\t\t<\/div>\n\t\t\t\t\t\t\t\t<\/div>\n\t\t\t\t<\/div>\n\t\t\t\t<\/div>\n\t\t\t\t\t<\/div>\n\t\t\t\t<\/div>\n\t\t<div class=\"elementor-element elementor-element-72d530b e-flex e-con-boxed e-con e-parent\" data-id=\"72d530b\" data-element_type=\"container\">\n\t\t\t\t\t<div class=\"e-con-inner\">\n\t\t\t\t<div class=\"elementor-element elementor-element-d8df9c8 elementor-widget elementor-widget-heading\" data-id=\"d8df9c8\" data-element_type=\"widget\" data-widget_type=\"heading.default\">\n\t\t\t\t<div class=\"elementor-widget-container\">\n\t\t\t\t\t<h3 class=\"elementor-heading-title elementor-size-default\">Exemples de formations d\u00e9velopp\u00e9es par nos deux organismes :<\/h3>\t\t\t\t<\/div>\n\t\t\t\t<\/div>\n\t\t\t\t\t<\/div>\n\t\t\t\t<\/div>\n\t\t<div class=\"elementor-element elementor-element-2247d34 e-flex e-con-boxed e-con e-parent\" data-id=\"2247d34\" data-element_type=\"container\">\n\t\t\t\t\t<div class=\"e-con-inner\">\n\t\t<div class=\"elementor-element elementor-element-ba68d67 e-con-full e-flex e-con e-child\" data-id=\"ba68d67\" data-element_type=\"container\">\n\t\t\t\t<div class=\"elementor-element elementor-element-d65a239 elementor-widget elementor-widget-image\" data-id=\"d65a239\" data-element_type=\"widget\" data-widget_type=\"image.default\">\n\t\t\t\t<div class=\"elementor-widget-container\">\n\t\t\t\t\t\t\t\t\t\t\t\t\t\t\t<img loading=\"lazy\" decoding=\"async\" width=\"800\" height=\"500\" src=\"https:\/\/ariane-mediterranee.fr\/wp-content\/uploads\/2025\/02\/Accompagnement-hadicap-1.png\" class=\"attachment-large size-large wp-image-433\" alt=\"\" srcset=\"https:\/\/ariane-mediterranee.fr\/wp-content\/uploads\/2025\/02\/Accompagnement-hadicap-1.png 800w, https:\/\/ariane-mediterranee.fr\/wp-content\/uploads\/2025\/02\/Accompagnement-hadicap-1-300x188.png 300w, https:\/\/ariane-mediterranee.fr\/wp-content\/uploads\/2025\/02\/Accompagnement-hadicap-1-768x480.png 768w\" sizes=\"(max-width: 800px) 100vw, 800px\" \/>\t\t\t\t\t\t\t\t\t\t\t\t\t\t\t<\/div>\n\t\t\t\t<\/div>\n\t\t\t\t<\/div>\n\t\t<div class=\"elementor-element elementor-element-571cc59 e-con-full e-flex e-con e-child\" data-id=\"571cc59\" data-element_type=\"container\">\n\t\t\t\t<div class=\"elementor-element elementor-element-eb4b450 elementor-widget elementor-widget-heading\" data-id=\"eb4b450\" data-element_type=\"widget\" data-widget_type=\"heading.default\">\n\t\t\t\t<div class=\"elementor-widget-container\">\n\t\t\t\t\t<h2 class=\"elementor-heading-title elementor-size-default\">Secteur du Handicap<\/h2>\t\t\t\t<\/div>\n\t\t\t\t<\/div>\n\t\t\t\t<div class=\"elementor-element elementor-element-f919830 elementor-widget-divider--view-line elementor-widget elementor-widget-divider\" data-id=\"f919830\" data-element_type=\"widget\" data-widget_type=\"divider.default\">\n\t\t\t\t<div class=\"elementor-widget-container\">\n\t\t\t\t\t\t\t<div class=\"elementor-divider\">\n\t\t\t<span class=\"elementor-divider-separator\">\n\t\t\t\t\t\t<\/span>\n\t\t<\/div>\n\t\t\t\t\t\t<\/div>\n\t\t\t\t<\/div>\n\t\t\t\t<div class=\"elementor-element elementor-element-92ea75b elementor-widget elementor-widget-text-editor\" data-id=\"92ea75b\" data-element_type=\"widget\" data-widget_type=\"text-editor.default\">\n\t\t\t\t<div class=\"elementor-widget-container\">\n\t\t\t\t\t\t\t\t\t<p class=\"PDq2pG_selectionAnchorContainer\" data-start=\"255\" data-end=\"787\">Ariane M\u00e9diterran\u00e9e accompagne les professionnels du secteur m\u00e9dico-social, les \u00e9tablissements sp\u00e9cialis\u00e9s et les entreprises \u00e0 travers des formations con\u00e7ues pour r\u00e9pondre aux enjeux actuels de l&rsquo;accompagnement des personnes en situation de handicap. Nos programmes abordent notamment les diff\u00e9rents types de handicap, les <strong>troubles du neurod\u00e9veloppement<\/strong> (autisme, troubles Dys, TDAH), les <strong>troubles du comportement<\/strong>, les <strong>approches favorisant l&rsquo;autonomie<\/strong>, ainsi que les bonnes pratiques pour un accompagnement respectueux et inclusif.<\/p>\t\t\t\t\t\t\t\t<\/div>\n\t\t\t\t<\/div>\n\t\t\t\t<\/div>\n\t\t\t\t\t<\/div>\n\t\t\t\t<\/div>\n\t\t<div class=\"elementor-element elementor-element-0f7b4fc e-flex e-con-boxed e-con e-parent\" data-id=\"0f7b4fc\" data-element_type=\"container\">\n\t\t\t\t\t<div class=\"e-con-inner\">\n\t\t<div class=\"elementor-element elementor-element-33bb9d4 e-con-full e-flex e-con e-child\" data-id=\"33bb9d4\" data-element_type=\"container\">\n\t\t\t\t<div class=\"elementor-element elementor-element-0bc39b6 elementor-widget elementor-widget-image\" data-id=\"0bc39b6\" data-element_type=\"widget\" data-widget_type=\"image.default\">\n\t\t\t\t<div class=\"elementor-widget-container\">\n\t\t\t\t\t\t\t\t\t\t\t\t\t\t\t<img loading=\"lazy\" decoding=\"async\" width=\"800\" height=\"800\" src=\"https:\/\/ariane-mediterranee.fr\/wp-content\/uploads\/2026\/07\/Plan-de-travail-33-1024x1024.png\" class=\"attachment-large size-large wp-image-1005\" alt=\"\" srcset=\"https:\/\/ariane-mediterranee.fr\/wp-content\/uploads\/2026\/07\/Plan-de-travail-33-1024x1024.png 1024w, https:\/\/ariane-mediterranee.fr\/wp-content\/uploads\/2026\/07\/Plan-de-travail-33-300x300.png 300w, https:\/\/ariane-mediterranee.fr\/wp-content\/uploads\/2026\/07\/Plan-de-travail-33-150x150.png 150w, https:\/\/ariane-mediterranee.fr\/wp-content\/uploads\/2026\/07\/Plan-de-travail-33-768x768.png 768w, https:\/\/ariane-mediterranee.fr\/wp-content\/uploads\/2026\/07\/Plan-de-travail-33-1536x1536.png 1536w, https:\/\/ariane-mediterranee.fr\/wp-content\/uploads\/2026\/07\/Plan-de-travail-33-2048x2048.png 2048w\" sizes=\"(max-width: 800px) 100vw, 800px\" \/>\t\t\t\t\t\t\t\t\t\t\t\t\t\t\t<\/div>\n\t\t\t\t<\/div>\n\t\t\t\t<\/div>\n\t\t<div class=\"elementor-element elementor-element-154da6b e-con-full e-flex e-con e-child\" data-id=\"154da6b\" data-element_type=\"container\">\n\t\t\t\t<div class=\"elementor-element elementor-element-3cca903 elementor-widget elementor-widget-heading\" data-id=\"3cca903\" data-element_type=\"widget\" data-widget_type=\"heading.default\">\n\t\t\t\t<div class=\"elementor-widget-container\">\n\t\t\t\t\t<h2 class=\"elementor-heading-title elementor-size-default\">Niveau de satisfaction gobale :<\/h2>\t\t\t\t<\/div>\n\t\t\t\t<\/div>\n\t\t\t\t<div class=\"elementor-element elementor-element-b877e87 elementor-widget elementor-widget-counter\" data-id=\"b877e87\" data-element_type=\"widget\" data-widget_type=\"counter.default\">\n\t\t\t\t<div class=\"elementor-widget-container\">\n\t\t\t\t\t\t\t<div class=\"elementor-counter\">\n\t\t\t<div class=\"elementor-counter-title\">de satisfaction participants<\/div>\t\t\t<div class=\"elementor-counter-number-wrapper\">\n\t\t\t\t<span class=\"elementor-counter-number-prefix\"><\/span>\n\t\t\t\t<span class=\"elementor-counter-number\" data-duration=\"2000\" data-to-value=\"95.5\" data-from-value=\"0\" data-delimiter=\",\">0<\/span>\n\t\t\t\t<span class=\"elementor-counter-number-suffix\">%<\/span>\n\t\t\t<\/div>\n\t\t<\/div>\n\t\t\t\t\t\t<\/div>\n\t\t\t\t<\/div>\n\t\t\t\t<div class=\"elementor-element elementor-element-ab32e23 elementor-widget elementor-widget-counter\" data-id=\"ab32e23\" data-element_type=\"widget\" data-widget_type=\"counter.default\">\n\t\t\t\t<div class=\"elementor-widget-container\">\n\t\t\t\t\t\t\t<div class=\"elementor-counter\">\n\t\t\t<div class=\"elementor-counter-title\">de satisfaction formateurs<\/div>\t\t\t<div class=\"elementor-counter-number-wrapper\">\n\t\t\t\t<span class=\"elementor-counter-number-prefix\"><\/span>\n\t\t\t\t<span class=\"elementor-counter-number\" data-duration=\"2000\" data-to-value=\"94\" data-from-value=\"0\" data-delimiter=\",\">0<\/span>\n\t\t\t\t<span class=\"elementor-counter-number-suffix\">%<\/span>\n\t\t\t<\/div>\n\t\t<\/div>\n\t\t\t\t\t\t<\/div>\n\t\t\t\t<\/div>\n\t\t\t\t<\/div>\n\t\t<div class=\"elementor-element elementor-element-eea0602 e-con-full e-flex elementor-invisible e-con e-child\" data-id=\"eea0602\" data-element_type=\"container\" data-settings=\"{&quot;background_background&quot;:&quot;classic&quot;,&quot;animation&quot;:&quot;fadeInUp&quot;,&quot;animation_delay&quot;:200}\">\n\t\t\t\t<div class=\"elementor-element elementor-element-9777290 elementor-widget elementor-widget-image\" data-id=\"9777290\" data-element_type=\"widget\" data-widget_type=\"image.default\">\n\t\t\t\t<div class=\"elementor-widget-container\">\n\t\t\t\t\t\t\t\t\t\t\t\t\t\t\t<img loading=\"lazy\" decoding=\"async\" width=\"300\" height=\"200\" src=\"https:\/\/ariane-mediterranee.fr\/wp-content\/uploads\/2026\/07\/stagiaires.png\" class=\"attachment-large size-large wp-image-1014\" alt=\"\" \/>\t\t\t\t\t\t\t\t\t\t\t\t\t\t\t<\/div>\n\t\t\t\t<\/div>\n\t\t\t\t<div class=\"elementor-element elementor-element-97428f7 elementor-widget elementor-widget-counter\" data-id=\"97428f7\" data-element_type=\"widget\" data-widget_type=\"counter.default\">\n\t\t\t\t<div class=\"elementor-widget-container\">\n\t\t\t\t\t\t\t<div class=\"elementor-counter\">\n\t\t\t<div class=\"elementor-counter-title\">stagiaires<\/div>\t\t\t<div class=\"elementor-counter-number-wrapper\">\n\t\t\t\t<span class=\"elementor-counter-number-prefix\"><\/span>\n\t\t\t\t<span class=\"elementor-counter-number\" data-duration=\"2000\" data-to-value=\"310\" data-from-value=\"0\" data-delimiter=\",\">0<\/span>\n\t\t\t\t<span class=\"elementor-counter-number-suffix\"><\/span>\n\t\t\t<\/div>\n\t\t<\/div>\n\t\t\t\t\t\t<\/div>\n\t\t\t\t<\/div>\n\t\t\t\t<\/div>\n\t\t<div class=\"elementor-element elementor-element-12c999b e-con-full e-flex elementor-invisible e-con e-child\" data-id=\"12c999b\" data-element_type=\"container\" data-settings=\"{&quot;background_background&quot;:&quot;classic&quot;,&quot;animation&quot;:&quot;fadeInUp&quot;,&quot;animation_delay&quot;:400}\">\n\t\t\t\t<div class=\"elementor-element elementor-element-d7d4270 elementor-widget elementor-widget-image\" data-id=\"d7d4270\" data-element_type=\"widget\" data-widget_type=\"image.default\">\n\t\t\t\t<div class=\"elementor-widget-container\">\n\t\t\t\t\t\t\t\t\t\t\t\t\t\t\t<img loading=\"lazy\" decoding=\"async\" width=\"300\" height=\"200\" src=\"https:\/\/ariane-mediterranee.fr\/wp-content\/uploads\/2026\/07\/heure-de-formations.png\" class=\"attachment-large size-large wp-image-1015\" alt=\"\" \/>\t\t\t\t\t\t\t\t\t\t\t\t\t\t\t<\/div>\n\t\t\t\t<\/div>\n\t\t\t\t<div class=\"elementor-element elementor-element-a949be5 elementor-widget elementor-widget-counter\" data-id=\"a949be5\" data-element_type=\"widget\" data-widget_type=\"counter.default\">\n\t\t\t\t<div class=\"elementor-widget-container\">\n\t\t\t\t\t\t\t<div class=\"elementor-counter\">\n\t\t\t<div class=\"elementor-counter-title\">heures de formation<\/div>\t\t\t<div class=\"elementor-counter-number-wrapper\">\n\t\t\t\t<span class=\"elementor-counter-number-prefix\"><\/span>\n\t\t\t\t<span class=\"elementor-counter-number\" data-duration=\"2000\" data-to-value=\"2394\" data-from-value=\"0\">0<\/span>\n\t\t\t\t<span class=\"elementor-counter-number-suffix\"><\/span>\n\t\t\t<\/div>\n\t\t<\/div>\n\t\t\t\t\t\t<\/div>\n\t\t\t\t<\/div>\n\t\t\t\t<\/div>\n\t\t<div class=\"elementor-element elementor-element-d5e6ea5 e-con-full e-flex elementor-invisible e-con e-child\" data-id=\"d5e6ea5\" data-element_type=\"container\" data-settings=\"{&quot;background_background&quot;:&quot;classic&quot;,&quot;animation&quot;:&quot;fadeInUp&quot;,&quot;animation_delay&quot;:600}\">\n\t\t\t\t<div class=\"elementor-element elementor-element-ddb8e32 elementor-widget elementor-widget-image\" data-id=\"ddb8e32\" data-element_type=\"widget\" data-widget_type=\"image.default\">\n\t\t\t\t<div class=\"elementor-widget-container\">\n\t\t\t\t\t\t\t\t\t\t\t\t\t\t\t<img loading=\"lazy\" decoding=\"async\" width=\"300\" height=\"200\" src=\"https:\/\/ariane-mediterranee.fr\/wp-content\/uploads\/2026\/07\/sessions.png\" class=\"attachment-large size-large wp-image-1016\" alt=\"\" \/>\t\t\t\t\t\t\t\t\t\t\t\t\t\t\t<\/div>\n\t\t\t\t<\/div>\n\t\t\t\t<div class=\"elementor-element elementor-element-55bca9e elementor-widget elementor-widget-counter\" data-id=\"55bca9e\" data-element_type=\"widget\" data-widget_type=\"counter.default\">\n\t\t\t\t<div class=\"elementor-widget-container\">\n\t\t\t\t\t\t\t<div class=\"elementor-counter\">\n\t\t\t<div class=\"elementor-counter-title\">sessions organis\u00e9es<\/div>\t\t\t<div class=\"elementor-counter-number-wrapper\">\n\t\t\t\t<span class=\"elementor-counter-number-prefix\"><\/span>\n\t\t\t\t<span class=\"elementor-counter-number\" data-duration=\"2000\" data-to-value=\"33\" data-from-value=\"0\" data-delimiter=\",\">0<\/span>\n\t\t\t\t<span class=\"elementor-counter-number-suffix\"><\/span>\n\t\t\t<\/div>\n\t\t<\/div>\n\t\t\t\t\t\t<\/div>\n\t\t\t\t<\/div>\n\t\t\t\t<\/div>\n\t\t\t\t\t<\/div>\n\t\t\t\t<\/div>\n\t\t<div class=\"elementor-element elementor-element-4e2457e e-flex e-con-boxed e-con e-parent\" data-id=\"4e2457e\" data-element_type=\"container\">\n\t\t\t\t\t<div class=\"e-con-inner\">\n\t\t<div class=\"elementor-element elementor-element-e1953f5 e-con-full e-flex e-con e-child\" data-id=\"e1953f5\" data-element_type=\"container\">\n\t\t\t\t<div class=\"elementor-element elementor-element-c866858 elementor-widget elementor-widget-text-editor\" data-id=\"c866858\" data-element_type=\"widget\" data-widget_type=\"text-editor.default\">\n\t\t\t\t<div class=\"elementor-widget-container\">\n\t\t\t\t\t\t\t\t\t<p class=\"PDq2pG_selectionAnchorContainer\" data-start=\"789\" data-end=\"1338\">Au-del\u00e0 des connaissances techniques, nos formations permettent \u00e9galement de d\u00e9velopper les <strong>comp\u00e9tences professionnelles<\/strong> <strong>et relationnelles<\/strong> des \u00e9quipes. Elles portent sur des th\u00e9matiques telles que <strong>l&rsquo;analyse des pratiques<\/strong>, la <strong>gestion des \u00e9motions<\/strong> et du stress, la <strong>communication dans les situations complexes<\/strong>, la <strong>formation de formateurs internes<\/strong> ou encore <strong>l&rsquo;accompagnement des personnes<\/strong> tout au long de leur parcours de vie. <br \/><br \/>Notre objectif est de fournir aux professionnels des outils concrets, directement mobilisables dans leur pratique quotidienne.<\/p>\t\t\t\t\t\t\t\t<\/div>\n\t\t\t\t<\/div>\n\t\t\t\t<\/div>\n\t\t<div class=\"elementor-element elementor-element-8e320a4 e-con-full e-flex e-con e-child\" data-id=\"8e320a4\" data-element_type=\"container\">\n\t\t\t\t<div class=\"elementor-element elementor-element-0b2c72f elementor-widget elementor-widget-image\" data-id=\"0b2c72f\" data-element_type=\"widget\" data-widget_type=\"image.default\">\n\t\t\t\t<div class=\"elementor-widget-container\">\n\t\t\t\t\t\t\t\t\t\t\t\t\t\t\t<img loading=\"lazy\" decoding=\"async\" width=\"676\" height=\"500\" src=\"https:\/\/ariane-mediterranee.fr\/wp-content\/uploads\/2025\/02\/Accompagnement-hadicap.png\" class=\"attachment-large size-large wp-image-434\" alt=\"\" srcset=\"https:\/\/ariane-mediterranee.fr\/wp-content\/uploads\/2025\/02\/Accompagnement-hadicap.png 676w, https:\/\/ariane-mediterranee.fr\/wp-content\/uploads\/2025\/02\/Accompagnement-hadicap-300x222.png 300w\" sizes=\"(max-width: 676px) 100vw, 676px\" \/>\t\t\t\t\t\t\t\t\t\t\t\t\t\t\t<\/div>\n\t\t\t\t<\/div>\n\t\t\t\t<\/div>\n\t\t\t\t\t<\/div>\n\t\t\t\t<\/div>\n\t\t<div class=\"elementor-element elementor-element-731db19 e-flex e-con-boxed e-con e-parent\" data-id=\"731db19\" data-element_type=\"container\">\n\t\t\t\t\t<div class=\"e-con-inner\">\n\t\t\t\t<div class=\"elementor-element elementor-element-8aeb212 elementor-widget-divider--view-line elementor-widget elementor-widget-divider\" data-id=\"8aeb212\" data-element_type=\"widget\" data-widget_type=\"divider.default\">\n\t\t\t\t<div class=\"elementor-widget-container\">\n\t\t\t\t\t\t\t<div class=\"elementor-divider\">\n\t\t\t<span class=\"elementor-divider-separator\">\n\t\t\t\t\t\t<\/span>\n\t\t<\/div>\n\t\t\t\t\t\t<\/div>\n\t\t\t\t<\/div>\n\t\t\t\t\t<\/div>\n\t\t\t\t<\/div>\n\t\t<div class=\"elementor-element elementor-element-96de14f e-flex e-con-boxed e-con e-parent\" data-id=\"96de14f\" data-element_type=\"container\">\n\t\t\t\t\t<div class=\"e-con-inner\">\n\t\t<div class=\"elementor-element elementor-element-07bf7ed e-con-full e-flex e-con e-child\" data-id=\"07bf7ed\" data-element_type=\"container\">\n\t\t\t\t<div class=\"elementor-element elementor-element-770b9bc elementor-widget elementor-widget-image\" data-id=\"770b9bc\" data-element_type=\"widget\" data-widget_type=\"image.default\">\n\t\t\t\t<div class=\"elementor-widget-container\">\n\t\t\t\t\t\t\t\t\t\t\t\t\t\t\t<img loading=\"lazy\" decoding=\"async\" width=\"800\" height=\"488\" src=\"https:\/\/ariane-mediterranee.fr\/wp-content\/uploads\/2025\/02\/ESAT.png\" class=\"attachment-large size-large wp-image-435\" alt=\"\" srcset=\"https:\/\/ariane-mediterranee.fr\/wp-content\/uploads\/2025\/02\/ESAT.png 800w, https:\/\/ariane-mediterranee.fr\/wp-content\/uploads\/2025\/02\/ESAT-300x183.png 300w, https:\/\/ariane-mediterranee.fr\/wp-content\/uploads\/2025\/02\/ESAT-768x468.png 768w\" sizes=\"(max-width: 800px) 100vw, 800px\" \/>\t\t\t\t\t\t\t\t\t\t\t\t\t\t\t<\/div>\n\t\t\t\t<\/div>\n\t\t\t\t<\/div>\n\t\t<div class=\"elementor-element elementor-element-becc8d9 e-con-full e-flex e-con e-child\" data-id=\"becc8d9\" data-element_type=\"container\">\n\t\t\t\t<div class=\"elementor-element elementor-element-11e6edb elementor-widget elementor-widget-heading\" data-id=\"11e6edb\" data-element_type=\"widget\" data-widget_type=\"heading.default\">\n\t\t\t\t<div class=\"elementor-widget-container\">\n\t\t\t\t\t<h4 class=\"elementor-heading-title elementor-size-default\">Formations \u00e0 destination des salari\u00e9s d\u2019ESAT<\/h4>\t\t\t\t<\/div>\n\t\t\t\t<\/div>\n\t\t\t\t<div class=\"elementor-element elementor-element-e0ce8a9 elementor-widget-divider--view-line elementor-widget elementor-widget-divider\" data-id=\"e0ce8a9\" data-element_type=\"widget\" data-widget_type=\"divider.default\">\n\t\t\t\t<div class=\"elementor-widget-container\">\n\t\t\t\t\t\t\t<div class=\"elementor-divider\">\n\t\t\t<span class=\"elementor-divider-separator\">\n\t\t\t\t\t\t<\/span>\n\t\t<\/div>\n\t\t\t\t\t\t<\/div>\n\t\t\t\t<\/div>\n\t\t\t\t<div class=\"elementor-element elementor-element-e8f14c3 elementor-widget elementor-widget-text-editor\" data-id=\"e8f14c3\" data-element_type=\"widget\" data-widget_type=\"text-editor.default\">\n\t\t\t\t<div class=\"elementor-widget-container\">\n\t\t\t\t\t\t\t\t\t<div class=\"qMYqUG_convSearchResultHighlightRoot\"><div class=\"\" data-turn-id-container=\"request-6a4657d9-7474-83eb-89a2-1458835450fa-1\" data-is-intersecting=\"true\"><section class=\"text-token-text-primary w-full focus:outline-none has-data-writing-block:pointer-events-none [&amp;:has([data-writing-block])&gt;*]:pointer-events-auto R6Vx5W_threadScrollVars scroll-mb-[calc(var(--scroll-root-safe-area-inset-bottom,0px)+var(--thread-response-height))] scroll-mt-[calc(var(--header-height)+min(200px,max(70px,20svh)))]\" dir=\"auto\" data-turn-id=\"request-6a4657d9-7474-83eb-89a2-1458835450fa-1\" data-turn-id-container=\"request-6a4657d9-7474-83eb-89a2-1458835450fa-1\" data-testid=\"conversation-turn-18\" data-turn=\"assistant\"><div class=\"text-base my-auto mx-auto pb-3 [--thread-content-margin:var(--thread-content-margin-xs,calc(var(--spacing)*4))] @w-sm\/main:[--thread-content-margin:var(--thread-content-margin-sm,calc(var(--spacing)*6))] @w-lg\/main:[--thread-content-margin:var(--thread-content-margin-lg,calc(var(--spacing)*16))] px-(--thread-content-margin)\"><div class=\"[--thread-content-max-width:40rem] @w-lg\/main:[--thread-content-max-width:48rem] mx-auto max-w-(--thread-content-max-width) flex-1 group\/turn-messages focus-visible:outline-hidden relative flex w-full min-w-0 flex-col agent-turn\" data-conversation-screenshot-content=\"\"><div class=\"flex max-w-full flex-col gap-4 grow\"><div class=\"min-h-8 text-message relative flex w-full flex-col items-end gap-2 text-start break-words whitespace-normal outline-none keyboard-focused:focus-ring [.text-message+&amp;]:mt-1\" dir=\"auto\" tabindex=\"0\" data-message-author-role=\"assistant\" data-message-id=\"a807b6a8-f25e-4c69-b5b0-30e15761b2db\" data-message-model-slug=\"gpt-5-5\" data-turn-start-message=\"true\"><div class=\"flex w-full flex-col gap-1 empty:hidden\"><div class=\"markdown prose dark:prose-invert wrap-break-word w-full dark markdown-new-styling\"><p class=\"PDq2pG_selectionAnchorContainer\" data-start=\"1399\" data-end=\"2059\" data-is-last-node=\"\" data-is-only-node=\"\">Les formations propos\u00e9es aux travailleurs d&rsquo;ESAT visent \u00e0 <strong>d\u00e9velopper leurs comp\u00e9tences professionnelles<\/strong> tout en renfor\u00e7ant leur <strong>autonomie au quotidien<\/strong>. Elles couvrent des domaines vari\u00e9s tels que la pr\u00e9vention des <strong>risques professionnels<\/strong>, les <strong>gestes et postures<\/strong>, le <strong>travail en \u00e9quipe<\/strong>, la <strong>posture professionnelle<\/strong>, la <strong>gestion du budget<\/strong>, le <strong>bien-\u00eatre au travail<\/strong>, <strong>l&rsquo;\u00e9quilibre alimentaire<\/strong> ainsi que les <strong>usages du num\u00e9rique<\/strong> et les <strong>d\u00e9marches administratives<\/strong> en ligne. Adapt\u00e9es aux besoins des participants, ces formations favorisent le d\u00e9veloppement des savoir-faire, des savoir-\u00eatre et de la confiance en soi afin de soutenir leur parcours professionnel et personnel.<\/p><\/div><\/div><\/div><\/div><\/div><\/div><\/section><\/div><\/div>\t\t\t\t\t\t\t\t<\/div>\n\t\t\t\t<\/div>\n\t\t\t\t<\/div>\n\t\t\t\t\t<\/div>\n\t\t\t\t<\/div>\n\t\t<div class=\"elementor-element elementor-element-8e763b3 e-flex e-con-boxed e-con e-parent\" data-id=\"8e763b3\" data-element_type=\"container\">\n\t\t\t\t\t<div class=\"e-con-inner\">\n\t\t<div class=\"elementor-element elementor-element-8775d36 e-con-full e-flex e-con e-child\" data-id=\"8775d36\" data-element_type=\"container\">\n\t\t\t\t<div class=\"elementor-element elementor-element-5a9515e elementor-widget elementor-widget-image\" data-id=\"5a9515e\" data-element_type=\"widget\" data-widget_type=\"image.default\">\n\t\t\t\t<div class=\"elementor-widget-container\">\n\t\t\t\t\t\t\t\t\t\t\t\t\t\t\t<img loading=\"lazy\" decoding=\"async\" width=\"793\" height=\"773\" src=\"https:\/\/ariane-mediterranee.fr\/wp-content\/uploads\/2026\/07\/Gemini_Generated_Image_jcvewnjcvewnjcve.png\" class=\"attachment-large size-large wp-image-1025\" alt=\"\" srcset=\"https:\/\/ariane-mediterranee.fr\/wp-content\/uploads\/2026\/07\/Gemini_Generated_Image_jcvewnjcvewnjcve.png 793w, https:\/\/ariane-mediterranee.fr\/wp-content\/uploads\/2026\/07\/Gemini_Generated_Image_jcvewnjcvewnjcve-300x292.png 300w, https:\/\/ariane-mediterranee.fr\/wp-content\/uploads\/2026\/07\/Gemini_Generated_Image_jcvewnjcvewnjcve-768x749.png 768w\" sizes=\"(max-width: 793px) 100vw, 793px\" \/>\t\t\t\t\t\t\t\t\t\t\t\t\t\t\t<\/div>\n\t\t\t\t<\/div>\n\t\t\t\t<\/div>\n\t\t<div class=\"elementor-element elementor-element-877597a e-con-full e-flex e-con e-child\" data-id=\"877597a\" data-element_type=\"container\">\n\t\t\t\t<div class=\"elementor-element elementor-element-27a4fad elementor-widget elementor-widget-heading\" data-id=\"27a4fad\" data-element_type=\"widget\" data-widget_type=\"heading.default\">\n\t\t\t\t<div class=\"elementor-widget-container\">\n\t\t\t\t\t<h2 class=\"elementor-heading-title elementor-size-default\">Niveau de satisfaction gobale :<\/h2>\t\t\t\t<\/div>\n\t\t\t\t<\/div>\n\t\t\t\t<div class=\"elementor-element elementor-element-ba4203d elementor-widget elementor-widget-counter\" data-id=\"ba4203d\" data-element_type=\"widget\" data-widget_type=\"counter.default\">\n\t\t\t\t<div class=\"elementor-widget-container\">\n\t\t\t\t\t\t\t<div class=\"elementor-counter\">\n\t\t\t<div class=\"elementor-counter-title\">de satisfaction participants<\/div>\t\t\t<div class=\"elementor-counter-number-wrapper\">\n\t\t\t\t<span class=\"elementor-counter-number-prefix\"><\/span>\n\t\t\t\t<span class=\"elementor-counter-number\" data-duration=\"2000\" data-to-value=\"90.2\" data-from-value=\"0\" data-delimiter=\",\">0<\/span>\n\t\t\t\t<span class=\"elementor-counter-number-suffix\">%<\/span>\n\t\t\t<\/div>\n\t\t<\/div>\n\t\t\t\t\t\t<\/div>\n\t\t\t\t<\/div>\n\t\t\t\t<div class=\"elementor-element elementor-element-13ccc42 elementor-widget elementor-widget-counter\" data-id=\"13ccc42\" data-element_type=\"widget\" data-widget_type=\"counter.default\">\n\t\t\t\t<div class=\"elementor-widget-container\">\n\t\t\t\t\t\t\t<div class=\"elementor-counter\">\n\t\t\t<div class=\"elementor-counter-title\">de satisfaction formateurs <\/div>\t\t\t<div class=\"elementor-counter-number-wrapper\">\n\t\t\t\t<span class=\"elementor-counter-number-prefix\"><\/span>\n\t\t\t\t<span class=\"elementor-counter-number\" data-duration=\"2000\" data-to-value=\"91.1\" data-from-value=\"0\" data-delimiter=\",\">0<\/span>\n\t\t\t\t<span class=\"elementor-counter-number-suffix\">%<\/span>\n\t\t\t<\/div>\n\t\t<\/div>\n\t\t\t\t\t\t<\/div>\n\t\t\t\t<\/div>\n\t\t\t\t<\/div>\n\t\t<div class=\"elementor-element elementor-element-2bc4a98 e-con-full e-flex elementor-invisible e-con e-child\" data-id=\"2bc4a98\" data-element_type=\"container\" data-settings=\"{&quot;background_background&quot;:&quot;classic&quot;,&quot;animation&quot;:&quot;fadeInUp&quot;,&quot;animation_delay&quot;:200}\">\n\t\t\t\t<div class=\"elementor-element elementor-element-1bb2f13 elementor-widget elementor-widget-image\" data-id=\"1bb2f13\" data-element_type=\"widget\" data-widget_type=\"image.default\">\n\t\t\t\t<div class=\"elementor-widget-container\">\n\t\t\t\t\t\t\t\t\t\t\t\t\t\t\t<img loading=\"lazy\" decoding=\"async\" width=\"300\" height=\"200\" src=\"https:\/\/ariane-mediterranee.fr\/wp-content\/uploads\/2026\/07\/stagiaires.png\" class=\"attachment-large size-large wp-image-1014\" alt=\"\" \/>\t\t\t\t\t\t\t\t\t\t\t\t\t\t\t<\/div>\n\t\t\t\t<\/div>\n\t\t\t\t<div class=\"elementor-element elementor-element-a23508b elementor-widget elementor-widget-counter\" data-id=\"a23508b\" data-element_type=\"widget\" data-widget_type=\"counter.default\">\n\t\t\t\t<div class=\"elementor-widget-container\">\n\t\t\t\t\t\t\t<div class=\"elementor-counter\">\n\t\t\t<div class=\"elementor-counter-title\">stagiaires form\u00e9s<\/div>\t\t\t<div class=\"elementor-counter-number-wrapper\">\n\t\t\t\t<span class=\"elementor-counter-number-prefix\"><\/span>\n\t\t\t\t<span class=\"elementor-counter-number\" data-duration=\"2000\" data-to-value=\"215\" data-from-value=\"0\" data-delimiter=\",\">0<\/span>\n\t\t\t\t<span class=\"elementor-counter-number-suffix\"><\/span>\n\t\t\t<\/div>\n\t\t<\/div>\n\t\t\t\t\t\t<\/div>\n\t\t\t\t<\/div>\n\t\t\t\t<\/div>\n\t\t<div class=\"elementor-element elementor-element-200cfbe e-con-full e-flex elementor-invisible e-con e-child\" data-id=\"200cfbe\" data-element_type=\"container\" data-settings=\"{&quot;background_background&quot;:&quot;classic&quot;,&quot;animation&quot;:&quot;fadeInUp&quot;,&quot;animation_delay&quot;:400}\">\n\t\t\t\t<div class=\"elementor-element elementor-element-e28f371 elementor-widget elementor-widget-image\" data-id=\"e28f371\" data-element_type=\"widget\" data-widget_type=\"image.default\">\n\t\t\t\t<div class=\"elementor-widget-container\">\n\t\t\t\t\t\t\t\t\t\t\t\t\t\t\t<img loading=\"lazy\" decoding=\"async\" width=\"300\" height=\"200\" src=\"https:\/\/ariane-mediterranee.fr\/wp-content\/uploads\/2026\/07\/heure-de-formations.png\" class=\"attachment-large size-large wp-image-1015\" alt=\"\" \/>\t\t\t\t\t\t\t\t\t\t\t\t\t\t\t<\/div>\n\t\t\t\t<\/div>\n\t\t\t\t<div class=\"elementor-element elementor-element-c9c6365 elementor-widget elementor-widget-counter\" data-id=\"c9c6365\" data-element_type=\"widget\" data-widget_type=\"counter.default\">\n\t\t\t\t<div class=\"elementor-widget-container\">\n\t\t\t\t\t\t\t<div class=\"elementor-counter\">\n\t\t\t<div class=\"elementor-counter-title\">heures de formation<\/div>\t\t\t<div class=\"elementor-counter-number-wrapper\">\n\t\t\t\t<span class=\"elementor-counter-number-prefix\"><\/span>\n\t\t\t\t<span class=\"elementor-counter-number\" data-duration=\"2000\" data-to-value=\"1557\" data-from-value=\"0\">0<\/span>\n\t\t\t\t<span class=\"elementor-counter-number-suffix\"><\/span>\n\t\t\t<\/div>\n\t\t<\/div>\n\t\t\t\t\t\t<\/div>\n\t\t\t\t<\/div>\n\t\t\t\t<\/div>\n\t\t<div class=\"elementor-element elementor-element-3a87c76 e-con-full e-flex elementor-invisible e-con e-child\" data-id=\"3a87c76\" data-element_type=\"container\" data-settings=\"{&quot;background_background&quot;:&quot;classic&quot;,&quot;animation&quot;:&quot;fadeInUp&quot;,&quot;animation_delay&quot;:600}\">\n\t\t\t\t<div class=\"elementor-element elementor-element-b9fa444 elementor-widget elementor-widget-image\" data-id=\"b9fa444\" data-element_type=\"widget\" data-widget_type=\"image.default\">\n\t\t\t\t<div class=\"elementor-widget-container\">\n\t\t\t\t\t\t\t\t\t\t\t\t\t\t\t<img loading=\"lazy\" decoding=\"async\" width=\"300\" height=\"200\" src=\"https:\/\/ariane-mediterranee.fr\/wp-content\/uploads\/2026\/07\/sessions.png\" class=\"attachment-large size-large wp-image-1016\" alt=\"\" \/>\t\t\t\t\t\t\t\t\t\t\t\t\t\t\t<\/div>\n\t\t\t\t<\/div>\n\t\t\t\t<div class=\"elementor-element elementor-element-546a387 elementor-widget elementor-widget-counter\" data-id=\"546a387\" data-element_type=\"widget\" data-widget_type=\"counter.default\">\n\t\t\t\t<div class=\"elementor-widget-container\">\n\t\t\t\t\t\t\t<div class=\"elementor-counter\">\n\t\t\t<div class=\"elementor-counter-title\">sessions organis\u00e9es<\/div>\t\t\t<div class=\"elementor-counter-number-wrapper\">\n\t\t\t\t<span class=\"elementor-counter-number-prefix\"><\/span>\n\t\t\t\t<span class=\"elementor-counter-number\" data-duration=\"2000\" data-to-value=\"26\" data-from-value=\"0\" data-delimiter=\",\">0<\/span>\n\t\t\t\t<span class=\"elementor-counter-number-suffix\"><\/span>\n\t\t\t<\/div>\n\t\t<\/div>\n\t\t\t\t\t\t<\/div>\n\t\t\t\t<\/div>\n\t\t\t\t<\/div>\n\t\t\t\t\t<\/div>\n\t\t\t\t<\/div>\n\t\t<div class=\"elementor-element elementor-element-ac9b00e e-flex e-con-boxed e-con e-parent\" data-id=\"ac9b00e\" data-element_type=\"container\" data-settings=\"{&quot;background_background&quot;:&quot;classic&quot;}\">\n\t\t\t\t\t<div class=\"e-con-inner\">\n\t\t\t\t<div class=\"elementor-element elementor-element-483a29c elementor-widget elementor-widget-text-editor\" data-id=\"483a29c\" data-element_type=\"widget\" data-widget_type=\"text-editor.default\">\n\t\t\t\t<div class=\"elementor-widget-container\">\n\t\t\t\t\t\t\t\t\t<p><strong>Pour mettre en place une formation sur mesure et adapt\u00e9e \u00e0 vos besoins sp\u00e9cifiques, contactez-nous !<\/strong><\/p>\t\t\t\t\t\t\t\t<\/div>\n\t\t\t\t<\/div>\n\t\t\t\t<div class=\"elementor-element elementor-element-7e26c74 elementor-align-center elementor-widget elementor-widget-button\" data-id=\"7e26c74\" data-element_type=\"widget\" data-widget_type=\"button.default\">\n\t\t\t\t<div class=\"elementor-widget-container\">\n\t\t\t\t\t\t\t\t\t<div class=\"elementor-button-wrapper\">\n\t\t\t\t\t<a class=\"elementor-button elementor-button-link elementor-size-sm\" href=\"mailto:contact@ariane-mediterranee.fr\">\n\t\t\t\t\t\t<span class=\"elementor-button-content-wrapper\">\n\t\t\t\t\t\t\t\t\t<span class=\"elementor-button-text\">contact@ariane-mediterranee.fr<\/span>\n\t\t\t\t\t<\/span>\n\t\t\t\t\t<\/a>\n\t\t\t\t<\/div>\n\t\t\t\t\t\t\t\t<\/div>\n\t\t\t\t<\/div>\n\t\t\t\t\t<\/div>\n\t\t\t\t<\/div>\n\t\t<div class=\"elementor-element elementor-element-8712a87 e-flex e-con-boxed e-con e-parent\" data-id=\"8712a87\" data-element_type=\"container\">\n\t\t\t\t\t<div class=\"e-con-inner\">\n\t\t\t\t<div class=\"elementor-element elementor-element-6d73ce3 elementor-widget elementor-widget-heading\" data-id=\"6d73ce3\" data-element_type=\"widget\" data-widget_type=\"heading.default\">\n\t\t\t\t<div class=\"elementor-widget-container\">\n\t\t\t\t\t<h3 class=\"elementor-heading-title elementor-size-default\">CERTIFICATION QUALIOPI D\u2019ARIANE MEDITERRANEE<\/h3>\t\t\t\t<\/div>\n\t\t\t\t<\/div>\n\t\t\t\t<div class=\"elementor-element elementor-element-5a4575c elementor-widget-divider--view-line elementor-widget elementor-widget-divider\" data-id=\"5a4575c\" data-element_type=\"widget\" data-widget_type=\"divider.default\">\n\t\t\t\t<div class=\"elementor-widget-container\">\n\t\t\t\t\t\t\t<div class=\"elementor-divider\">\n\t\t\t<span class=\"elementor-divider-separator\">\n\t\t\t\t\t\t<\/span>\n\t\t<\/div>\n\t\t\t\t\t\t<\/div>\n\t\t\t\t<\/div>\n\t\t\t\t<div class=\"elementor-element elementor-element-064a76b elementor-widget elementor-widget-text-editor\" data-id=\"064a76b\" data-element_type=\"widget\" data-widget_type=\"text-editor.default\">\n\t\t\t\t<div class=\"elementor-widget-container\">\n\t\t\t\t\t\t\t\t\t<p>En novembre 2021 suite \u00e0 un audit de 3 jours avec\u00a0<strong>l\u2019AFNOR<\/strong>, ARIANE M\u00e9diterran\u00e9e a \u00e9t\u00e9 certifi\u00e9e QUALIOPI sur ses actions de formation et de bilan de comp\u00e9tences sur les sites de Toulon, La Valette et Brignoles. Cette certification est d\u00e9livr\u00e9e jusqu\u2019en novembre 2024 avec un audit de surveillance \u00e0 18 mois.<\/p>\t\t\t\t\t\t\t\t<\/div>\n\t\t\t\t<\/div>\n\t\t\t\t\t<\/div>\n\t\t\t\t<\/div>\n\t\t<div class=\"elementor-element elementor-element-24b3383 e-flex e-con-boxed e-con e-parent\" data-id=\"24b3383\" data-element_type=\"container\">\n\t\t\t\t\t<div class=\"e-con-inner\">\n\t\t\t\t<div class=\"elementor-element elementor-element-c48d5dc elementor-widget elementor-widget-image\" data-id=\"c48d5dc\" data-element_type=\"widget\" data-widget_type=\"image.default\">\n\t\t\t\t<div class=\"elementor-widget-container\">\n\t\t\t\t\t\t\t\t\t\t\t\t\t\t\t<img loading=\"lazy\" decoding=\"async\" width=\"724\" height=\"1024\" src=\"https:\/\/ariane-mediterranee.fr\/wp-content\/uploads\/2025\/02\/Certificat-ARIANE-MEDITERRANEE-2024-2027-1-1-724x1024.png\" class=\"attachment-large size-large wp-image-701\" alt=\"\" srcset=\"https:\/\/ariane-mediterranee.fr\/wp-content\/uploads\/2025\/02\/Certificat-ARIANE-MEDITERRANEE-2024-2027-1-1-724x1024.png 724w, https:\/\/ariane-mediterranee.fr\/wp-content\/uploads\/2025\/02\/Certificat-ARIANE-MEDITERRANEE-2024-2027-1-1-212x300.png 212w, https:\/\/ariane-mediterranee.fr\/wp-content\/uploads\/2025\/02\/Certificat-ARIANE-MEDITERRANEE-2024-2027-1-1-768x1086.png 768w, https:\/\/ariane-mediterranee.fr\/wp-content\/uploads\/2025\/02\/Certificat-ARIANE-MEDITERRANEE-2024-2027-1-1-1086x1536.png 1086w, https:\/\/ariane-mediterranee.fr\/wp-content\/uploads\/2025\/02\/Certificat-ARIANE-MEDITERRANEE-2024-2027-1-1-1448x2048.png 1448w, https:\/\/ariane-mediterranee.fr\/wp-content\/uploads\/2025\/02\/Certificat-ARIANE-MEDITERRANEE-2024-2027-1-1.png 1654w\" sizes=\"(max-width: 724px) 100vw, 724px\" \/>\t\t\t\t\t\t\t\t\t\t\t\t\t\t\t<\/div>\n\t\t\t\t<\/div>\n\t\t\t\t\t<\/div>\n\t\t\t\t<\/div>\n\t\t\t\t<\/div>\n\t\t","protected":false},"excerpt":{"rendered":"<p>Nos formations ARIANE M\u00e9diterran\u00e9e\u00a0est un organisme de formation qui intervient tout particuli\u00e8rement dans le domaine du social et m\u00e9dico-social. Filiale du groupe UMANE, nous sommes tr\u00e8s sollicit\u00e9s pour mettre en \u0153uvre des programmes adapt\u00e9s au secteur du handicap, \u00e0 la fois pour les professionnels du secteur comme pour les personnes en situation de handicap elle-m\u00eame.\u00a0 [&hellip;]<\/p>\n","protected":false},"author":1,"featured_media":0,"parent":0,"menu_order":0,"comment_status":"closed","ping_status":"closed","template":"","meta":{"footnotes":""},"class_list":["post-73","page","type-page","status-publish","hentry"],"yoast_head":"<!-- This site is optimized with the Yoast SEO plugin v24.6 - https:\/\/yoast.com\/wordpress\/plugins\/seo\/ -->\n<title>Formations - Ariane M\u00e9diterran\u00e9e<\/title>\n<meta name=\"robots\" content=\"index, follow, max-snippet:-1, max-image-preview:large, max-video-preview:-1\" \/>\n<link rel=\"canonical\" href=\"https:\/\/ariane-mediterranee.fr\/index.php\/formations\/\" \/>\n<meta property=\"og:locale\" content=\"fr_FR\" \/>\n<meta property=\"og:type\" content=\"article\" \/>\n<meta property=\"og:title\" content=\"Formations - Ariane M\u00e9diterran\u00e9e\" \/>\n<meta property=\"og:description\" content=\"Nos formations ARIANE M\u00e9diterran\u00e9e\u00a0est un organisme de formation qui intervient tout particuli\u00e8rement dans le domaine du social et m\u00e9dico-social. Filiale du groupe UMANE, nous sommes tr\u00e8s sollicit\u00e9s pour mettre en \u0153uvre des programmes adapt\u00e9s au secteur du handicap, \u00e0 la fois pour les professionnels du secteur comme pour les personnes en situation de handicap elle-m\u00eame.\u00a0 [&hellip;]\" \/>\n<meta property=\"og:url\" content=\"https:\/\/ariane-mediterranee.fr\/index.php\/formations\/\" \/>\n<meta property=\"og:site_name\" content=\"Ariane M\u00e9diterran\u00e9e\" \/>\n<meta property=\"article:modified_time\" content=\"2026-09-03T11:53:47+00:00\" \/>\n<meta property=\"og:image\" content=\"https:\/\/ariane-mediterranee.fr\/wp-content\/uploads\/2025\/02\/Mesa-de-trabajo-1.png\" \/>\n\t<meta property=\"og:image:width\" content=\"751\" \/>\n\t<meta property=\"og:image:height\" content=\"501\" \/>\n\t<meta property=\"og:image:type\" content=\"image\/png\" \/>\n<meta name=\"twitter:card\" content=\"summary_large_image\" \/>\n<meta name=\"twitter:label1\" content=\"Dur\u00e9e de lecture estim\u00e9e\" \/>\n\t<meta name=\"twitter:data1\" content=\"8 minutes\" \/>\n<script type=\"application\/ld+json\" class=\"yoast-schema-graph\">{\"@context\":\"https:\/\/schema.org\",\"@graph\":[{\"@type\":\"WebPage\",\"@id\":\"https:\/\/ariane-mediterranee.fr\/index.php\/formations\/\",\"url\":\"https:\/\/ariane-mediterranee.fr\/index.php\/formations\/\",\"name\":\"Formations - Ariane M\u00e9diterran\u00e9e\",\"isPartOf\":{\"@id\":\"https:\/\/ariane-mediterranee.fr\/#website\"},\"primaryImageOfPage\":{\"@id\":\"https:\/\/ariane-mediterranee.fr\/index.php\/formations\/#primaryimage\"},\"image\":{\"@id\":\"https:\/\/ariane-mediterranee.fr\/index.php\/formations\/#primaryimage\"},\"thumbnailUrl\":\"https:\/\/ariane-mediterranee.fr\/wp-content\/uploads\/2025\/02\/Mesa-de-trabajo-1.png\",\"datePublished\":\"2025-02-17T14:08:35+00:00\",\"dateModified\":\"2026-09-03T11:53:47+00:00\",\"breadcrumb\":{\"@id\":\"https:\/\/ariane-mediterranee.fr\/index.php\/formations\/#breadcrumb\"},\"inLanguage\":\"fr-FR\",\"potentialAction\":[{\"@type\":\"ReadAction\",\"target\":[\"https:\/\/ariane-mediterranee.fr\/index.php\/formations\/\"]}]},{\"@type\":\"ImageObject\",\"inLanguage\":\"fr-FR\",\"@id\":\"https:\/\/ariane-mediterranee.fr\/index.php\/formations\/#primaryimage\",\"url\":\"https:\/\/ariane-mediterranee.fr\/wp-content\/uploads\/2025\/02\/Mesa-de-trabajo-1.png\",\"contentUrl\":\"https:\/\/ariane-mediterranee.fr\/wp-content\/uploads\/2025\/02\/Mesa-de-trabajo-1.png\",\"width\":751,\"height\":501},{\"@type\":\"BreadcrumbList\",\"@id\":\"https:\/\/ariane-mediterranee.fr\/index.php\/formations\/#breadcrumb\",\"itemListElement\":[{\"@type\":\"ListItem\",\"position\":1,\"name\":\"Accueil\",\"item\":\"https:\/\/ariane-mediterranee.fr\/\"},{\"@type\":\"ListItem\",\"position\":2,\"name\":\"Formations\"}]},{\"@type\":\"WebSite\",\"@id\":\"https:\/\/ariane-mediterranee.fr\/#website\",\"url\":\"https:\/\/ariane-mediterranee.fr\/\",\"name\":\"Ariane M\u00e9diterran\u00e9e\",\"description\":\"Osons ensemble l&#039;inclusion pour tous\",\"publisher\":{\"@id\":\"https:\/\/ariane-mediterranee.fr\/#organization\"},\"potentialAction\":[{\"@type\":\"SearchAction\",\"target\":{\"@type\":\"EntryPoint\",\"urlTemplate\":\"https:\/\/ariane-mediterranee.fr\/?s={search_term_string}\"},\"query-input\":{\"@type\":\"PropertyValueSpecification\",\"valueRequired\":true,\"valueName\":\"search_term_string\"}}],\"inLanguage\":\"fr-FR\"},{\"@type\":\"Organization\",\"@id\":\"https:\/\/ariane-mediterranee.fr\/#organization\",\"name\":\"Ariane M\u00e9diterran\u00e9e\",\"url\":\"https:\/\/ariane-mediterranee.fr\/\",\"logo\":{\"@type\":\"ImageObject\",\"inLanguage\":\"fr-FR\",\"@id\":\"https:\/\/ariane-mediterranee.fr\/#\/schema\/logo\/image\/\",\"url\":\"https:\/\/ariane-mediterranee.fr\/wp-content\/uploads\/2025\/02\/cropped-Logo-noir.png\",\"contentUrl\":\"https:\/\/ariane-mediterranee.fr\/wp-content\/uploads\/2025\/02\/cropped-Logo-noir.png\",\"width\":1677,\"height\":1240,\"caption\":\"Ariane M\u00e9diterran\u00e9e\"},\"image\":{\"@id\":\"https:\/\/ariane-mediterranee.fr\/#\/schema\/logo\/image\/\"}}]}<\/script>\n<!-- \/ Yoast SEO plugin. -->","yoast_head_json":{"title":"Formations - Ariane M\u00e9diterran\u00e9e","robots":{"index":"index","follow":"follow","max-snippet":"max-snippet:-1","max-image-preview":"max-image-preview:large","max-video-preview":"max-video-preview:-1"},"canonical":"https:\/\/ariane-mediterranee.fr\/index.php\/formations\/","og_locale":"fr_FR","og_type":"article","og_title":"Formations - Ariane M\u00e9diterran\u00e9e","og_description":"Nos formations ARIANE M\u00e9diterran\u00e9e\u00a0est un organisme de formation qui intervient tout particuli\u00e8rement dans le domaine du social et m\u00e9dico-social. Filiale du groupe UMANE, nous sommes tr\u00e8s sollicit\u00e9s pour mettre en \u0153uvre des programmes adapt\u00e9s au secteur du handicap, \u00e0 la fois pour les professionnels du secteur comme pour les personnes en situation de handicap elle-m\u00eame.\u00a0 [&hellip;]","og_url":"https:\/\/ariane-mediterranee.fr\/index.php\/formations\/","og_site_name":"Ariane M\u00e9diterran\u00e9e","article_modified_time":"2026-09-03T11:53:47+00:00","og_image":[{"width":751,"height":501,"url":"https:\/\/ariane-mediterranee.fr\/wp-content\/uploads\/2025\/02\/Mesa-de-trabajo-1.png","type":"image\/png"}],"twitter_card":"summary_large_image","twitter_misc":{"Dur\u00e9e de lecture estim\u00e9e":"8 minutes"},"schema":{"@context":"https:\/\/schema.org","@graph":[{"@type":"WebPage","@id":"https:\/\/ariane-mediterranee.fr\/index.php\/formations\/","url":"https:\/\/ariane-mediterranee.fr\/index.php\/formations\/","name":"Formations - Ariane M\u00e9diterran\u00e9e","isPartOf":{"@id":"https:\/\/ariane-mediterranee.fr\/#website"},"primaryImageOfPage":{"@id":"https:\/\/ariane-mediterranee.fr\/index.php\/formations\/#primaryimage"},"image":{"@id":"https:\/\/ariane-mediterranee.fr\/index.php\/formations\/#primaryimage"},"thumbnailUrl":"https:\/\/ariane-mediterranee.fr\/wp-content\/uploads\/2025\/02\/Mesa-de-trabajo-1.png","datePublished":"2025-02-17T14:08:35+00:00","dateModified":"2026-09-03T11:53:47+00:00","breadcrumb":{"@id":"https:\/\/ariane-mediterranee.fr\/index.php\/formations\/#breadcrumb"},"inLanguage":"fr-FR","potentialAction":[{"@type":"ReadAction","target":["https:\/\/ariane-mediterranee.fr\/index.php\/formations\/"]}]},{"@type":"ImageObject","inLanguage":"fr-FR","@id":"https:\/\/ariane-mediterranee.fr\/index.php\/formations\/#primaryimage","url":"https:\/\/ariane-mediterranee.fr\/wp-content\/uploads\/2025\/02\/Mesa-de-trabajo-1.png","contentUrl":"https:\/\/ariane-mediterranee.fr\/wp-content\/uploads\/2025\/02\/Mesa-de-trabajo-1.png","width":751,"height":501},{"@type":"BreadcrumbList","@id":"https:\/\/ariane-mediterranee.fr\/index.php\/formations\/#breadcrumb","itemListElement":[{"@type":"ListItem","position":1,"name":"Accueil","item":"https:\/\/ariane-mediterranee.fr\/"},{"@type":"ListItem","position":2,"name":"Formations"}]},{"@type":"WebSite","@id":"https:\/\/ariane-mediterranee.fr\/#website","url":"https:\/\/ariane-mediterranee.fr\/","name":"Ariane M\u00e9diterran\u00e9e","description":"Osons ensemble l&#039;inclusion pour tous","publisher":{"@id":"https:\/\/ariane-mediterranee.fr\/#organization"},"potentialAction":[{"@type":"SearchAction","target":{"@type":"EntryPoint","urlTemplate":"https:\/\/ariane-mediterranee.fr\/?s={search_term_string}"},"query-input":{"@type":"PropertyValueSpecification","valueRequired":true,"valueName":"search_term_string"}}],"inLanguage":"fr-FR"},{"@type":"Organization","@id":"https:\/\/ariane-mediterranee.fr\/#organization","name":"Ariane M\u00e9diterran\u00e9e","url":"https:\/\/ariane-mediterranee.fr\/","logo":{"@type":"ImageObject","inLanguage":"fr-FR","@id":"https:\/\/ariane-mediterranee.fr\/#\/schema\/logo\/image\/","url":"https:\/\/ariane-mediterranee.fr\/wp-content\/uploads\/2025\/02\/cropped-Logo-noir.png","contentUrl":"https:\/\/ariane-mediterranee.fr\/wp-content\/uploads\/2025\/02\/cropped-Logo-noir.png","width":1677,"height":1240,"caption":"Ariane M\u00e9diterran\u00e9e"},"image":{"@id":"https:\/\/ariane-mediterranee.fr\/#\/schema\/logo\/image\/"}}]}},"_links":{"self":[{"href":"https:\/\/ariane-mediterranee.fr\/index.php\/wp-json\/wp\/v2\/pages\/73","targetHints":{"allow":["GET"]}}],"collection":[{"href":"https:\/\/ariane-mediterranee.fr\/index.php\/wp-json\/wp\/v2\/pages"}],"about":[{"href":"https:\/\/ariane-mediterranee.fr\/index.php\/wp-json\/wp\/v2\/types\/page"}],"author":[{"embeddable":true,"href":"https:\/\/ariane-mediterranee.fr\/index.php\/wp-json\/wp\/v2\/users\/1"}],"replies":[{"embeddable":true,"href":"https:\/\/ariane-mediterranee.fr\/index.php\/wp-json\/wp\/v2\/comments?post=73"}],"version-history":[{"count":70,"href":"https:\/\/ariane-mediterranee.fr\/index.php\/wp-json\/wp\/v2\/pages\/73\/revisions"}],"predecessor-version":[{"id":1087,"href":"https:\/\/ariane-mediterranee.fr\/index.php\/wp-json\/wp\/v2\/pages\/73\/revisions\/1087"}],"wp:attachment":[{"href":"https:\/\/ariane-mediterranee.fr\/index.php\/wp-json\/wp\/v2\/media?parent=73"}],"curies":[{"name":"wp","href":"https:\/\/api.w.org\/{rel}","templated":true}]}}