{"id":1061,"date":"2026-08-31T11:04:06","date_gmt":"2026-08-31T09:04:06","guid":{"rendered":"https:\/\/ariane-mediterranee.fr\/?page_id=1061"},"modified":"2026-08-31T11:27:39","modified_gmt":"2026-08-31T09:27:39","slug":"accessibilite","status":"publish","type":"page","link":"https:\/\/ariane-mediterranee.fr\/index.php\/accessibilite\/","title":{"rendered":"Accessibilit\u00e9"},"content":{"rendered":"\t\t<div data-elementor-type=\"wp-page\" data-elementor-id=\"1061\" class=\"elementor elementor-1061\" data-elementor-post-type=\"page\">\n\t\t\t\t<div class=\"elementor-element elementor-element-8dab073 e-flex e-con-boxed e-con e-parent\" data-id=\"8dab073\" data-element_type=\"container\" data-settings=\"{&quot;background_background&quot;:&quot;classic&quot;,&quot;shape_divider_bottom&quot;:&quot;curve&quot;}\">\n\t\t\t\t\t<div class=\"e-con-inner\">\n\t\t\t\t<div class=\"elementor-shape elementor-shape-bottom\" data-negative=\"false\">\n\t\t\t<svg xmlns=\"http:\/\/www.w3.org\/2000\/svg\" viewBox=\"0 0 1000 100\" preserveAspectRatio=\"none\">\n    <path class=\"elementor-shape-fill\" d=\"M1000,4.3V0H0v4.3C0.9,23.1,126.7,99.2,500,100S1000,22.7,1000,4.3z\"\/>\n<\/svg>\t\t<\/div>\n\t\t\t\t<div class=\"elementor-element elementor-element-666f985 elementor-widget elementor-widget-heading\" data-id=\"666f985\" data-element_type=\"widget\" data-widget_type=\"heading.default\">\n\t\t\t\t<div class=\"elementor-widget-container\">\n\t\t\t\t\t<h2 class=\"elementor-heading-title elementor-size-default\">D\u00e9claration d\u2019accessibilit\u00e9<\/h2>\t\t\t\t<\/div>\n\t\t\t\t<\/div>\n\t\t\t\t<div class=\"elementor-element elementor-element-c8e29af elementor-widget elementor-widget-text-editor\" data-id=\"c8e29af\" data-element_type=\"widget\" data-widget_type=\"text-editor.default\">\n\t\t\t\t<div class=\"elementor-widget-container\">\n\t\t\t\t\t\t\t\t\t<p id=\"p-rc_3783bf1396b0d5aa-201\" data-path-to-node=\"4\"><b data-path-to-node=\"4\" data-index-in-node=\"0\">Ariane M\u00e9diterran\u00e9e<\/b> s\u2019engage <span class=\"citation-581 citation-end-581\">\u00e0 rendre son site internet accessible conform\u00e9ment \u00e0 l\u2019article 47 de la loi n\u00b0 2005-102 du 11 f\u00e9vrier 2005.<\/span><\/p><p id=\"p-rc_3783bf1396b0d5aa-202\" data-path-to-node=\"5\"><span class=\"citation-580 citation-end-580\">\u00c0 cette fin, elle met en \u0153uvre la strat\u00e9gie et les actions suivantes :<\/span><\/p><ul data-path-to-node=\"6\"><li><p id=\"p-rc_3783bf1396b0d5aa-203\" data-path-to-node=\"6,0,0\"><b data-path-to-node=\"6,0,0\" data-index-in-node=\"0\"><span class=\"citation-578 citation-579 citation-end-579\">Sch\u00e9ma pluriannue<\/span><span class=\"citation-578 citation-end-578\">l d\u2019accessibilit\u00e9 :<\/span><\/b> En cours d&rsquo;\u00e9laboration.<\/p><\/li><li><p data-path-to-node=\"6,1,0\"><b data-path-to-node=\"6,1,0\" data-index-in-node=\"0\">Plan d\u2019action de l\u2019ann\u00e9e en cours :<\/b> R\u00e9alisation de l&rsquo;audit initial et corrections prioritaires de l&rsquo;interface.<\/p><\/li><\/ul><p data-path-to-node=\"7\">Cette d\u00e9claration d\u2019accessibilit\u00e9 s\u2019applique au site <b data-path-to-node=\"7\" data-index-in-node=\"53\"><a class=\"ng-star-inserted\" href=\"https:\/\/ariane-mediterranee.fr\/\" target=\"_blank\" rel=\"noopener\" data-hveid=\"0\" data-ved=\"0CAAQ_4QMahgKEwjxhprat8qWAxUAAAAAHQAAAAAQygM\">https:\/\/ariane-mediterranee.fr\/<\/a><\/b>.<\/p>\t\t\t\t\t\t\t\t<\/div>\n\t\t\t\t<\/div>\n\t\t\t\t\t<\/div>\n\t\t\t\t<\/div>\n\t\t<div class=\"elementor-element elementor-element-8b8196b e-flex e-con-boxed e-con e-parent\" data-id=\"8b8196b\" data-element_type=\"container\">\n\t\t\t\t\t<div class=\"e-con-inner\">\n\t\t<div class=\"elementor-element elementor-element-ac84b76 e-con-full e-flex e-con e-child\" data-id=\"ac84b76\" data-element_type=\"container\">\n\t\t\t\t<div class=\"elementor-element elementor-element-b2e088f elementor-widget elementor-widget-heading\" data-id=\"b2e088f\" data-element_type=\"widget\" data-widget_type=\"heading.default\">\n\t\t\t\t<div class=\"elementor-widget-container\">\n\t\t\t\t\t<h3 class=\"elementor-heading-title elementor-size-default\">\u00c9tat de conformit\u00e9<\/h3>\t\t\t\t<\/div>\n\t\t\t\t<\/div>\n\t\t\t\t<div class=\"elementor-element elementor-element-9f8e3ee elementor-widget elementor-widget-text-editor\" data-id=\"9f8e3ee\" data-element_type=\"widget\" data-widget_type=\"text-editor.default\">\n\t\t\t\t<div class=\"elementor-widget-container\">\n\t\t\t\t\t\t\t\t\t<p id=\"p-rc_3783bf1396b0d5aa-205\" data-path-to-node=\"10\"><span class=\"citation-576\">Le site <\/span><b data-path-to-node=\"10\" data-index-in-node=\"8\"><span class=\"citation-576\">Ariane M\u00e9diterran\u00e9e<\/span><\/b><span class=\"citation-576\"> est <\/span><b data-path-to-node=\"10\" data-index-in-node=\"32\"><span class=\"citation-576\">non conforme<\/span><\/b><span class=\"citation-576 citation-end-576\"> avec le R\u00e9f\u00e9rentiel G\u00e9n\u00e9ral d\u2019Am\u00e9lioration de l\u2019Accessibilit\u00e9 (RGAA), version 4.1.2.<\/span><\/p><p id=\"p-rc_3783bf1396b0d5aa-206\" data-path-to-node=\"11\">Le site n&rsquo;a pas encore fait l&rsquo;objet d&rsquo;un audit complet de conformit\u00e9. <span class=\"citation-575 citation-end-575\">Un audit interne est en cours de planification afin d\u2019\u00e9valuer le taux exact de conformit\u00e9 aux crit\u00e8res du RGAA.<\/span><\/p>\t\t\t\t\t\t\t\t<\/div>\n\t\t\t\t<\/div>\n\t\t\t\t<div class=\"elementor-element elementor-element-ad4a3f1 elementor-widget elementor-widget-heading\" data-id=\"ad4a3f1\" data-element_type=\"widget\" data-widget_type=\"heading.default\">\n\t\t\t\t<div class=\"elementor-widget-container\">\n\t\t\t\t\t<h4 class=\"elementor-heading-title elementor-size-default\">Technologies utilis\u00e9es pour la r\u00e9alisation du site<\/h4>\t\t\t\t<\/div>\n\t\t\t\t<\/div>\n\t\t\t\t<div class=\"elementor-element elementor-element-1bdfb3d elementor-widget elementor-widget-text-editor\" data-id=\"1bdfb3d\" data-element_type=\"widget\" data-widget_type=\"text-editor.default\">\n\t\t\t\t<div class=\"elementor-widget-container\">\n\t\t\t\t\t\t\t\t\t<ul><li data-path-to-node=\"22,0,0\"><b data-path-to-node=\"22,0,0\" data-index-in-node=\"0\">HTML5<\/b><\/li><li data-path-to-node=\"22,0,0\"><b data-path-to-node=\"22,1,0\" data-index-in-node=\"0\"><span class=\"citation-570 citation-end-570\">CSS<\/span><\/b><b data-path-to-node=\"22,1,0\" data-index-in-node=\"0\"><\/b><\/li><li data-path-to-node=\"22,0,0\"><b data-path-to-node=\"22,2,0\" data-index-in-node=\"0\">JavaScript<\/b><\/li><li><strong>WordPress<\/strong><\/li><\/ul>\t\t\t\t\t\t\t\t<\/div>\n\t\t\t\t<\/div>\n\t\t\t\t<\/div>\n\t\t<div class=\"elementor-element elementor-element-810280e e-con-full e-flex e-con e-child\" data-id=\"810280e\" data-element_type=\"container\">\n\t\t\t\t<div class=\"elementor-element elementor-element-313a7cf elementor-widget elementor-widget-heading\" data-id=\"313a7cf\" data-element_type=\"widget\" data-widget_type=\"heading.default\">\n\t\t\t\t<div class=\"elementor-widget-container\">\n\t\t\t\t\t<h3 class=\"elementor-heading-title elementor-size-default\">R\u00e9sultats des tests<\/h3>\t\t\t\t<\/div>\n\t\t\t\t<\/div>\n\t\t\t\t<div class=\"elementor-element elementor-element-70a5007 elementor-widget elementor-widget-text-editor\" data-id=\"70a5007\" data-element_type=\"widget\" data-widget_type=\"text-editor.default\">\n\t\t\t\t<div class=\"elementor-widget-container\">\n\t\t\t\t\t\t\t\t\t<p><span class=\"citation-573 citation-end-573\">L&rsquo;\u00e9valuation de la conformit\u00e9 du site est en cours.<\/span> Les r\u00e9sultats d\u00e9taill\u00e9s de l&rsquo;audit ainsi que le pourcentage de crit\u00e8res respect\u00e9s seront publi\u00e9s sur cette page d\u00e8s l&rsquo;ach\u00e8vement des v\u00e9rifications.<\/p>\t\t\t\t\t\t\t\t<\/div>\n\t\t\t\t<\/div>\n\t\t\t\t<div class=\"elementor-element elementor-element-5d7c892 elementor-widget elementor-widget-heading\" data-id=\"5d7c892\" data-element_type=\"widget\" data-widget_type=\"heading.default\">\n\t\t\t\t<div class=\"elementor-widget-container\">\n\t\t\t\t\t<h3 class=\"elementor-heading-title elementor-size-default\">\u00c9tablissement de cette d\u00e9claration d\u2019accessibilit\u00e9<\/h3>\t\t\t\t<\/div>\n\t\t\t\t<\/div>\n\t\t\t\t<div class=\"elementor-element elementor-element-4d281a4 elementor-widget elementor-widget-text-editor\" data-id=\"4d281a4\" data-element_type=\"widget\" data-widget_type=\"text-editor.default\">\n\t\t\t\t<div class=\"elementor-widget-container\">\n\t\t\t\t\t\t\t\t\t<p>Cette d\u00e9claration a \u00e9t\u00e9 \u00e9tablie le <b data-path-to-node=\"20\" data-index-in-node=\"35\">31 ao\u00fbt 2026<\/b>.<\/p>\t\t\t\t\t\t\t\t<\/div>\n\t\t\t\t<\/div>\n\t\t\t\t<\/div>\n\t\t\t\t\t<\/div>\n\t\t\t\t<\/div>\n\t\t<div class=\"elementor-element elementor-element-f6c4b79 e-flex e-con-boxed e-con e-parent\" data-id=\"f6c4b79\" data-element_type=\"container\">\n\t\t\t\t\t<div class=\"e-con-inner\">\n\t\t\t\t<div class=\"elementor-element elementor-element-c0bcc2d elementor-widget-divider--view-line elementor-widget elementor-widget-divider\" data-id=\"c0bcc2d\" data-element_type=\"widget\" data-widget_type=\"divider.default\">\n\t\t\t\t<div class=\"elementor-widget-container\">\n\t\t\t\t\t\t\t<div class=\"elementor-divider\">\n\t\t\t<span class=\"elementor-divider-separator\">\n\t\t\t\t\t\t<\/span>\n\t\t<\/div>\n\t\t\t\t\t\t<\/div>\n\t\t\t\t<\/div>\n\t\t\t\t\t<\/div>\n\t\t\t\t<\/div>\n\t\t<div class=\"elementor-element elementor-element-07c39cc e-flex e-con-boxed e-con e-parent\" data-id=\"07c39cc\" data-element_type=\"container\">\n\t\t\t\t\t<div class=\"e-con-inner\">\n\t\t<div class=\"elementor-element elementor-element-aafda26 e-con-full e-flex e-con e-child\" data-id=\"aafda26\" data-element_type=\"container\">\n\t\t\t\t<div class=\"elementor-element elementor-element-e1c1fa3 elementor-widget elementor-widget-heading\" data-id=\"e1c1fa3\" data-element_type=\"widget\" data-widget_type=\"heading.default\">\n\t\t\t\t<div class=\"elementor-widget-container\">\n\t\t\t\t\t<h3 class=\"elementor-heading-title elementor-size-default\">Retour d\u2019information et contact<\/h3>\t\t\t\t<\/div>\n\t\t\t\t<\/div>\n\t\t\t\t<div class=\"elementor-element elementor-element-6d52d32 elementor-widget elementor-widget-text-editor\" data-id=\"6d52d32\" data-element_type=\"widget\" data-widget_type=\"text-editor.default\">\n\t\t\t\t<div class=\"elementor-widget-container\">\n\t\t\t\t\t\t\t\t\t<p id=\"p-rc_3783bf1396b0d5aa-212\" data-path-to-node=\"25\"><span class=\"citation-569 citation-end-569\">Si vous n\u2019arrivez pas \u00e0 acc\u00e9der \u00e0 un contenu ou \u00e0 un service de ce site, vous pouvez contacter le responsable du site pour \u00eatre orient\u00e9 vers une alternative accessible ou obtenir le contenu sous une autre forme.<\/span><\/p><ul data-path-to-node=\"26\"><li><p data-path-to-node=\"26,0,0\"><b data-path-to-node=\"26,0,0\" data-index-in-node=\"0\">Courriel :<\/b> contact@ariane-mediterranee.fr<\/p><\/li><li><p id=\"p-rc_3783bf1396b0d5aa-213\" data-path-to-node=\"26,1,0\"><b data-path-to-node=\"26,1,0\" data-index-in-node=\"0\"><span class=\"citation-568 citation-end-568\">T\u00e9l\u00e9phone :<\/span><\/b> 04 94 08 39 10<\/p><\/li><li><p id=\"p-rc_3783bf1396b0d5aa-214\" data-path-to-node=\"26,2,0\"><b data-path-to-node=\"26,2,0\" data-index-in-node=\"0\"><span class=\"citation-567 citation-end-567\">Adresse postale :<\/span><\/b> Ariane M\u00e9diterran\u00e9e \u2014 Immeuble Le Souverain, 9 Traverse Jacques Monod, 83160 La Valette-du-Var<\/p><\/li><\/ul>\t\t\t\t\t\t\t\t<\/div>\n\t\t\t\t<\/div>\n\t\t\t\t<\/div>\n\t\t<div class=\"elementor-element elementor-element-09de20a e-con-full e-flex e-con e-child\" data-id=\"09de20a\" data-element_type=\"container\">\n\t\t\t\t<div class=\"elementor-element elementor-element-036658f elementor-widget elementor-widget-heading\" data-id=\"036658f\" data-element_type=\"widget\" data-widget_type=\"heading.default\">\n\t\t\t\t<div class=\"elementor-widget-container\">\n\t\t\t\t\t<h3 class=\"elementor-heading-title elementor-size-default\">Voies de recours<\/h3>\t\t\t\t<\/div>\n\t\t\t\t<\/div>\n\t\t\t\t<div class=\"elementor-element elementor-element-a98d311 elementor-widget elementor-widget-text-editor\" data-id=\"a98d311\" data-element_type=\"widget\" data-widget_type=\"text-editor.default\">\n\t\t\t\t<div class=\"elementor-widget-container\">\n\t\t\t\t\t\t\t\t\t<p id=\"p-rc_3783bf1396b0d5aa-216\" data-path-to-node=\"29\"><span class=\"citation-565 citation-end-565\">Cette proc\u00e9dure est \u00e0 utiliser dans le cas suivant : vous avez signal\u00e9 au responsable du site internet un d\u00e9faut d\u2019accessibilit\u00e9 qui vous emp\u00eache d\u2019acc\u00e9der \u00e0 un contenu ou \u00e0 un des services du portail et vous n\u2019avez pas obtenu de r\u00e9ponse satisfaisante.<\/span><\/p><p id=\"p-rc_3783bf1396b0d5aa-217\" data-path-to-node=\"30\"><span class=\"citation-564 citation-end-564\">Vous pouvez :<\/span><\/p><ul data-path-to-node=\"31\"><li><p data-path-to-node=\"31,0,0\">\u00c9crire un message au <b data-path-to-node=\"31,0,0\" data-index-in-node=\"21\">D\u00e9fenseur des droits<\/b> (<a class=\"ng-star-inserted\" href=\"https:\/\/formulaire.defenseurdesdroits.fr\/\" target=\"_blank\" rel=\"noopener\" data-hveid=\"0\" data-ved=\"0CAAQ_4QMahgKEwjxhprat8qWAxUAAAAAHQAAAAAQywM\">https:\/\/formulaire.defenseurdesdroits.fr\/<\/a>)<\/p><\/li><li><p id=\"p-rc_3783bf1396b0d5aa-218\" data-path-to-node=\"31,1,0\"><span class=\"citation-563\">Contacter <\/span><b data-path-to-node=\"31,1,0\" data-index-in-node=\"10\"><span class=\"citation-563\">le d\u00e9l\u00e9gu\u00e9 du D\u00e9fenseur des droits dans votre r\u00e9gion<\/span><\/b><span class=\"citation-563\"> (<\/span><a class=\"ng-star-inserted\" href=\"https:\/\/www.defenseurdesdroits.fr\/carte-des-delegues\" target=\"_blank\" rel=\"noopener\" data-hveid=\"0\" data-ved=\"0CAAQ_4QMahgKEwjxhprat8qWAxUAAAAAHQAAAAAQzAM\"><span class=\"citation-563\">https:\/\/www.defenseurdesdroits.fr\/carte-des-delegues<\/span><\/a><span class=\"citation-563 citation-end-563\">)<\/span><\/p><\/li><li><p data-path-to-node=\"31,2,0\">Envoyer un courrier par la poste (gratuit, ne pas mettre de timbre) :<\/p><p id=\"p-rc_3783bf1396b0d5aa-219\" data-path-to-node=\"31,2,1\"><b data-path-to-node=\"31,2,1\" data-index-in-node=\"0\"><span class=\"citation-562 citation-end-562\">D\u00e9fenseur des droits<\/span><\/b><\/p><p data-path-to-node=\"31,2,2\"><i data-path-to-node=\"31,2,2\" data-index-in-node=\"0\">Libre r\u00e9ponse 71120<\/i><\/p><p data-path-to-node=\"31,2,3\"><i data-path-to-node=\"31,2,3\" data-index-in-node=\"0\">75342 Paris CEDEX 07<\/i><\/p><\/li><\/ul>\t\t\t\t\t\t\t\t<\/div>\n\t\t\t\t<\/div>\n\t\t\t\t<\/div>\n\t\t\t\t\t<\/div>\n\t\t\t\t<\/div>\n\t\t\t\t<\/div>\n\t\t","protected":false},"excerpt":{"rendered":"<p>D\u00e9claration d\u2019accessibilit\u00e9 Ariane M\u00e9diterran\u00e9e s\u2019engage \u00e0 rendre son site internet accessible conform\u00e9ment \u00e0 l\u2019article 47 de la loi n\u00b0 2005-102 du 11 f\u00e9vrier 2005. \u00c0 cette fin, elle met en \u0153uvre la strat\u00e9gie et les actions suivantes : Sch\u00e9ma pluriannuel d\u2019accessibilit\u00e9 : En cours d&rsquo;\u00e9laboration. Plan d\u2019action de l\u2019ann\u00e9e en cours : R\u00e9alisation de l&rsquo;audit [&hellip;]<\/p>\n","protected":false},"author":1,"featured_media":0,"parent":0,"menu_order":0,"comment_status":"closed","ping_status":"closed","template":"","meta":{"footnotes":""},"class_list":["post-1061","page","type-page","status-publish","hentry"],"yoast_head":"<!-- This site is optimized with the Yoast SEO plugin v24.6 - https:\/\/yoast.com\/wordpress\/plugins\/seo\/ -->\n<title>Accessibilit\u00e9 - Ariane M\u00e9diterran\u00e9e<\/title>\n<meta name=\"robots\" content=\"index, follow, max-snippet:-1, max-image-preview:large, max-video-preview:-1\" \/>\n<link rel=\"canonical\" href=\"https:\/\/ariane-mediterranee.fr\/index.php\/accessibilite\/\" \/>\n<meta property=\"og:locale\" content=\"fr_FR\" \/>\n<meta property=\"og:type\" content=\"article\" \/>\n<meta property=\"og:title\" content=\"Accessibilit\u00e9 - Ariane M\u00e9diterran\u00e9e\" \/>\n<meta property=\"og:description\" content=\"D\u00e9claration d\u2019accessibilit\u00e9 Ariane M\u00e9diterran\u00e9e s\u2019engage \u00e0 rendre son site internet accessible conform\u00e9ment \u00e0 l\u2019article 47 de la loi n\u00b0 2005-102 du 11 f\u00e9vrier 2005. \u00c0 cette fin, elle met en \u0153uvre la strat\u00e9gie et les actions suivantes : Sch\u00e9ma pluriannuel d\u2019accessibilit\u00e9 : En cours d&rsquo;\u00e9laboration. Plan d\u2019action de l\u2019ann\u00e9e en cours : R\u00e9alisation de l&rsquo;audit [&hellip;]\" \/>\n<meta property=\"og:url\" content=\"https:\/\/ariane-mediterranee.fr\/index.php\/accessibilite\/\" \/>\n<meta property=\"og:site_name\" content=\"Ariane M\u00e9diterran\u00e9e\" \/>\n<meta property=\"article:modified_time\" content=\"2026-08-31T09:27:39+00:00\" \/>\n<meta name=\"twitter:card\" content=\"summary_large_image\" \/>\n<meta name=\"twitter:label1\" content=\"Dur\u00e9e de lecture estim\u00e9e\" \/>\n\t<meta name=\"twitter:data1\" content=\"2 minutes\" \/>\n<script type=\"application\/ld+json\" class=\"yoast-schema-graph\">{\"@context\":\"https:\/\/schema.org\",\"@graph\":[{\"@type\":\"WebPage\",\"@id\":\"https:\/\/ariane-mediterranee.fr\/index.php\/accessibilite\/\",\"url\":\"https:\/\/ariane-mediterranee.fr\/index.php\/accessibilite\/\",\"name\":\"Accessibilit\u00e9 - Ariane M\u00e9diterran\u00e9e\",\"isPartOf\":{\"@id\":\"https:\/\/ariane-mediterranee.fr\/#website\"},\"datePublished\":\"2026-08-31T09:04:06+00:00\",\"dateModified\":\"2026-08-31T09:27:39+00:00\",\"breadcrumb\":{\"@id\":\"https:\/\/ariane-mediterranee.fr\/index.php\/accessibilite\/#breadcrumb\"},\"inLanguage\":\"fr-FR\",\"potentialAction\":[{\"@type\":\"ReadAction\",\"target\":[\"https:\/\/ariane-mediterranee.fr\/index.php\/accessibilite\/\"]}]},{\"@type\":\"BreadcrumbList\",\"@id\":\"https:\/\/ariane-mediterranee.fr\/index.php\/accessibilite\/#breadcrumb\",\"itemListElement\":[{\"@type\":\"ListItem\",\"position\":1,\"name\":\"Accueil\",\"item\":\"https:\/\/ariane-mediterranee.fr\/\"},{\"@type\":\"ListItem\",\"position\":2,\"name\":\"Accessibilit\u00e9\"}]},{\"@type\":\"WebSite\",\"@id\":\"https:\/\/ariane-mediterranee.fr\/#website\",\"url\":\"https:\/\/ariane-mediterranee.fr\/\",\"name\":\"Ariane M\u00e9diterran\u00e9e\",\"description\":\"Osons ensemble l&#039;inclusion pour tous\",\"publisher\":{\"@id\":\"https:\/\/ariane-mediterranee.fr\/#organization\"},\"potentialAction\":[{\"@type\":\"SearchAction\",\"target\":{\"@type\":\"EntryPoint\",\"urlTemplate\":\"https:\/\/ariane-mediterranee.fr\/?s={search_term_string}\"},\"query-input\":{\"@type\":\"PropertyValueSpecification\",\"valueRequired\":true,\"valueName\":\"search_term_string\"}}],\"inLanguage\":\"fr-FR\"},{\"@type\":\"Organization\",\"@id\":\"https:\/\/ariane-mediterranee.fr\/#organization\",\"name\":\"Ariane M\u00e9diterran\u00e9e\",\"url\":\"https:\/\/ariane-mediterranee.fr\/\",\"logo\":{\"@type\":\"ImageObject\",\"inLanguage\":\"fr-FR\",\"@id\":\"https:\/\/ariane-mediterranee.fr\/#\/schema\/logo\/image\/\",\"url\":\"https:\/\/ariane-mediterranee.fr\/wp-content\/uploads\/2025\/02\/cropped-Logo-noir.png\",\"contentUrl\":\"https:\/\/ariane-mediterranee.fr\/wp-content\/uploads\/2025\/02\/cropped-Logo-noir.png\",\"width\":1677,\"height\":1240,\"caption\":\"Ariane M\u00e9diterran\u00e9e\"},\"image\":{\"@id\":\"https:\/\/ariane-mediterranee.fr\/#\/schema\/logo\/image\/\"}}]}<\/script>\n<!-- \/ Yoast SEO plugin. -->","yoast_head_json":{"title":"Accessibilit\u00e9 - Ariane M\u00e9diterran\u00e9e","robots":{"index":"index","follow":"follow","max-snippet":"max-snippet:-1","max-image-preview":"max-image-preview:large","max-video-preview":"max-video-preview:-1"},"canonical":"https:\/\/ariane-mediterranee.fr\/index.php\/accessibilite\/","og_locale":"fr_FR","og_type":"article","og_title":"Accessibilit\u00e9 - Ariane M\u00e9diterran\u00e9e","og_description":"D\u00e9claration d\u2019accessibilit\u00e9 Ariane M\u00e9diterran\u00e9e s\u2019engage \u00e0 rendre son site internet accessible conform\u00e9ment \u00e0 l\u2019article 47 de la loi n\u00b0 2005-102 du 11 f\u00e9vrier 2005. \u00c0 cette fin, elle met en \u0153uvre la strat\u00e9gie et les actions suivantes : Sch\u00e9ma pluriannuel d\u2019accessibilit\u00e9 : En cours d&rsquo;\u00e9laboration. Plan d\u2019action de l\u2019ann\u00e9e en cours : R\u00e9alisation de l&rsquo;audit [&hellip;]","og_url":"https:\/\/ariane-mediterranee.fr\/index.php\/accessibilite\/","og_site_name":"Ariane M\u00e9diterran\u00e9e","article_modified_time":"2026-08-31T09:27:39+00:00","twitter_card":"summary_large_image","twitter_misc":{"Dur\u00e9e de lecture estim\u00e9e":"2 minutes"},"schema":{"@context":"https:\/\/schema.org","@graph":[{"@type":"WebPage","@id":"https:\/\/ariane-mediterranee.fr\/index.php\/accessibilite\/","url":"https:\/\/ariane-mediterranee.fr\/index.php\/accessibilite\/","name":"Accessibilit\u00e9 - Ariane M\u00e9diterran\u00e9e","isPartOf":{"@id":"https:\/\/ariane-mediterranee.fr\/#website"},"datePublished":"2026-08-31T09:04:06+00:00","dateModified":"2026-08-31T09:27:39+00:00","breadcrumb":{"@id":"https:\/\/ariane-mediterranee.fr\/index.php\/accessibilite\/#breadcrumb"},"inLanguage":"fr-FR","potentialAction":[{"@type":"ReadAction","target":["https:\/\/ariane-mediterranee.fr\/index.php\/accessibilite\/"]}]},{"@type":"BreadcrumbList","@id":"https:\/\/ariane-mediterranee.fr\/index.php\/accessibilite\/#breadcrumb","itemListElement":[{"@type":"ListItem","position":1,"name":"Accueil","item":"https:\/\/ariane-mediterranee.fr\/"},{"@type":"ListItem","position":2,"name":"Accessibilit\u00e9"}]},{"@type":"WebSite","@id":"https:\/\/ariane-mediterranee.fr\/#website","url":"https:\/\/ariane-mediterranee.fr\/","name":"Ariane M\u00e9diterran\u00e9e","description":"Osons ensemble l&#039;inclusion pour tous","publisher":{"@id":"https:\/\/ariane-mediterranee.fr\/#organization"},"potentialAction":[{"@type":"SearchAction","target":{"@type":"EntryPoint","urlTemplate":"https:\/\/ariane-mediterranee.fr\/?s={search_term_string}"},"query-input":{"@type":"PropertyValueSpecification","valueRequired":true,"valueName":"search_term_string"}}],"inLanguage":"fr-FR"},{"@type":"Organization","@id":"https:\/\/ariane-mediterranee.fr\/#organization","name":"Ariane M\u00e9diterran\u00e9e","url":"https:\/\/ariane-mediterranee.fr\/","logo":{"@type":"ImageObject","inLanguage":"fr-FR","@id":"https:\/\/ariane-mediterranee.fr\/#\/schema\/logo\/image\/","url":"https:\/\/ariane-mediterranee.fr\/wp-content\/uploads\/2025\/02\/cropped-Logo-noir.png","contentUrl":"https:\/\/ariane-mediterranee.fr\/wp-content\/uploads\/2025\/02\/cropped-Logo-noir.png","width":1677,"height":1240,"caption":"Ariane M\u00e9diterran\u00e9e"},"image":{"@id":"https:\/\/ariane-mediterranee.fr\/#\/schema\/logo\/image\/"}}]}},"_links":{"self":[{"href":"https:\/\/ariane-mediterranee.fr\/index.php\/wp-json\/wp\/v2\/pages\/1061","targetHints":{"allow":["GET"]}}],"collection":[{"href":"https:\/\/ariane-mediterranee.fr\/index.php\/wp-json\/wp\/v2\/pages"}],"about":[{"href":"https:\/\/ariane-mediterranee.fr\/index.php\/wp-json\/wp\/v2\/types\/page"}],"author":[{"embeddable":true,"href":"https:\/\/ariane-mediterranee.fr\/index.php\/wp-json\/wp\/v2\/users\/1"}],"replies":[{"embeddable":true,"href":"https:\/\/ariane-mediterranee.fr\/index.php\/wp-json\/wp\/v2\/comments?post=1061"}],"version-history":[{"count":10,"href":"https:\/\/ariane-mediterranee.fr\/index.php\/wp-json\/wp\/v2\/pages\/1061\/revisions"}],"predecessor-version":[{"id":1072,"href":"https:\/\/ariane-mediterranee.fr\/index.php\/wp-json\/wp\/v2\/pages\/1061\/revisions\/1072"}],"wp:attachment":[{"href":"https:\/\/ariane-mediterranee.fr\/index.php\/wp-json\/wp\/v2\/media?parent=1061"}],"curies":[{"name":"wp","href":"https:\/\/api.w.org\/{rel}","templated":true}]}}